{"id":5851,"date":"2022-03-30T15:39:04","date_gmt":"2022-03-30T15:39:04","guid":{"rendered":"https:\/\/mv-rad.de\/?page_id=5851"},"modified":"2026-02-24T14:12:54","modified_gmt":"2026-02-24T12:12:54","slug":"home","status":"publish","type":"page","link":"https:\/\/mv-rad.de\/en_gb\/home\/","title":{"rendered":"Home"},"content":{"rendered":"<p>[et_pb_section fb_built=&#8220;1&#8243; _builder_version=&#8220;4.22.1&#8243; _module_preset=&#8220;default&#8220; use_background_color_gradient=&#8220;on&#8220; background_color_gradient_stops=&#8220;rgba(255,255,255,0) 35%|#ffffff 100%&#8220; background_color_gradient_overlays_image=&#8220;on&#8220; background_image=&#8220;https:\/\/mv-rad.de\/wp-content\/uploads\/2022\/03\/DSC00906_bearb_web_Ausschnitt2.png&#8220; height=&#8220;388px&#8220; global_colors_info=&#8220;{}&#8220;][et_pb_row _builder_version=&#8220;4.22.1&#8243; _module_preset=&#8220;default&#8220; background_color=&#8220;RGBA(255,255,255,0)&#8220; width=&#8220;40%&#8220; height=&#8220;165px&#8220; custom_margin=&#8220;0px||||false|false&#8220; custom_padding=&#8220;||||false|false&#8220; animation_style=&#8220;fade&#8220; animation_duration=&#8220;3000ms&#8220; animation_delay=&#8220;1000ms&#8220; global_colors_info=&#8220;{}&#8220;][et_pb_column type=&#8220;4_4&#8243; _builder_version=&#8220;4.22.1&#8243; _module_preset=&#8220;default&#8220; global_colors_info=&#8220;{}&#8220;][et_pb_button button_url=&#8220;@ET-DC@eyJkeW5hbWljIjp0cnVlLCJjb250ZW50IjoicG9zdF9saW5rX3VybF9wYWdlIiwic2V0dGluZ3MiOnsicG9zdF9pZCI6IjY0MTkifX0=@&#8220; button_text=&#8220;Jetzt registrieren!&#8220; button_alignment=&#8220;center&#8220; _builder_version=&#8220;4.22.1&#8243; _dynamic_attributes=&#8220;button_url&#8220; _module_preset=&#8220;a93bd5f4-85ca-4af8-aab9-5954042d5969&#8243; custom_button=&#8220;on&#8220; button_text_size=&#8220;14px&#8220; button_text_color=&#8220;#FFFFFF&#8220; button_bg_color=&#8220;#1c4982&#8243; button_border_width=&#8220;2px&#8220; button_border_color=&#8220;#FFFFFF&#8220; button_border_radius=&#8220;0px&#8220; button_letter_spacing=&#8220;2px&#8220; button_font=&#8220;|700||on|||||&#8220; background_layout=&#8220;dark&#8220; custom_margin=&#8220;60px||||false|false&#8220; custom_margin_tablet=&#8220;&#8220; custom_margin_phone=&#8220;160px||0px||false|false&#8220; custom_margin_last_edited=&#8220;on|phone&#8220; custom_padding=&#8220;14px|35px|14px|35px|true|true&#8220; custom_padding_tablet=&#8220;12px|30px|12px|30px|true|true&#8220; custom_padding_phone=&#8220;10px|20px|10px|20px|true|true&#8220; custom_padding_last_edited=&#8220;on|phone&#8220; animation_style=&#8220;bounce&#8220; animation_duration=&#8220;2000ms&#8220; button_text_size_tablet=&#8220;13px&#8220; button_text_size_phone=&#8220;12px&#8220; button_text_size_last_edited=&#8220;on|tablet&#8220; box_shadow_style=&#8220;preset1&#8243; box_shadow_color=&#8220;#FFFFFF&#8220; locked=&#8220;off&#8220; global_colors_info=&#8220;{}&#8220; button_bg_color__hover=&#8220;#009fe3&#8243; button_bg_color__hover_enabled=&#8220;on|hover&#8220; button_bg_enable_color__hover=&#8220;on&#8220;][\/et_pb_button][\/et_pb_column][\/et_pb_row][\/et_pb_section][et_pb_section fb_built=&#8220;1&#8243; make_equal=&#8220;on&#8220; use_custom_gutter=&#8220;on&#8220; gutter_width=&#8220;1&#8243; specialty=&#8220;on&#8220; background_color_2=&#8220;#1c4982&#8243; padding_top_2=&#8220;55px&#8220; padding_right_2=&#8220;60px&#8220; padding_bottom_2=&#8220;55px&#8220; padding_left_2=&#8220;60px&#8220; padding_top_bottom_link_2=&#8220;true&#8220; padding_left_right_link_2=&#8220;true&#8220; padding_2_tablet=&#8220;40px|30px|40px|30px|true|true&#8220; padding_2_phone=&#8220;|30px||30px|false|true&#8220; padding_2_last_edited=&#8220;on|desktop&#8220; admin_label=&#8220;Services&#8220; _builder_version=&#8220;4.24.0&#8243; _module_preset=&#8220;default&#8220; background_color=&#8220;RGBA(0,0,0,0)&#8220; use_background_color_gradient=&#8220;on&#8220; background_color_gradient_direction=&#8220;90deg&#8220; background_color_gradient_stops=&#8220;rgba(0,0,0,0) 50%|#e3e8f0 50%&#8220; background_color_gradient_start=&#8220;rgba(0,0,0,0)&#8220; background_color_gradient_start_position=&#8220;50%&#8220; background_color_gradient_end=&#8220;#e3e8f0&#8243; background_color_gradient_end_position=&#8220;50%&#8220; height=&#8220;860px&#8220; custom_margin=&#8220;-150px||-30px||false|false&#8220; custom_margin_tablet=&#8220;-100px||||false|false&#8220; custom_margin_phone=&#8220;-60px||0px||false|false&#8220; custom_margin_last_edited=&#8220;on|phone&#8220; custom_padding=&#8220;0px||0px||false|false&#8220; global_colors_info=&#8220;{}&#8220;][et_pb_column type=&#8220;1_2&#8243; specialty_columns=&#8220;2&#8243; _builder_version=&#8220;4.16&#8243; custom_padding=&#8220;|||&#8220; global_colors_info=&#8220;{}&#8220; custom_padding__hover=&#8220;|||&#8220;][et_pb_row_inner column_structure=&#8220;1_2,1_2&#8243; use_custom_gutter=&#8220;on&#8220; gutter_width=&#8220;1&#8243; make_equal=&#8220;on&#8220; _builder_version=&#8220;4.24.0&#8243; _module_preset=&#8220;default&#8220; background_color=&#8220;#b42030&#8243; custom_margin=&#8220;||0px||false|false&#8220; custom_padding=&#8220;0px||0px||true|false&#8220; locked=&#8220;off&#8220; global_colors_info=&#8220;{}&#8220;][et_pb_column_inner type=&#8220;1_2&#8243; saved_specialty_column_type=&#8220;1_2&#8243; _builder_version=&#8220;4.24.0&#8243; _dynamic_attributes=&#8220;link_option_url&#8220; _module_preset=&#8220;default&#8220; background_color=&#8220;#fdc727&#8243; custom_padding=&#8220;60px|20px|60px|20px|true|true&#8220; custom_padding_tablet=&#8220;40px||40px||true|true&#8220; custom_padding_phone=&#8220;&#8220; custom_padding_last_edited=&#8220;on|tablet&#8220; link_option_url=&#8220;@ET-DC@eyJkeW5hbWljIjp0cnVlLCJjb250ZW50IjoicG9zdF9saW5rX3VybF9wYWdlIiwic2V0dGluZ3MiOnsicG9zdF9pZCI6IjQ5NjAifX0=@&#8220; global_colors_info=&#8220;{}&#8220;][et_pb_blurb title=&#8220;UsedomRad&#8220; url=&#8220;http:\/\/usedom-rad.de&#8220; image=&#8220;https:\/\/mv-rad.de\/wp-content\/uploads\/2022\/03\/UsedomRad_Logo_300px.png&#8220; content_max_width=&#8220;81%&#8220; content_max_width_tablet=&#8220;&#8220; content_max_width_phone=&#8220;55%&#8220; content_max_width_last_edited=&#8220;on|phone&#8220; _builder_version=&#8220;4.24.0&#8243; _module_preset=&#8220;a1d2ae3f-62db-4b8f-9b67-ae0b67fabd38&#8243; header_font=&#8220;Merriweather||||||||&#8220; header_text_color=&#8220;#1c4982&#8243; header_line_height=&#8220;1.4em&#8220; body_text_color=&#8220;#FFFFFF&#8220; body_line_height=&#8220;2em&#8220; text_orientation=&#8220;center&#8220; width=&#8220;93%&#8220; custom_margin=&#8220;20px||||false|false&#8220; custom_margin_tablet=&#8220;&#8220; custom_margin_phone=&#8220;&#8220; custom_margin_last_edited=&#8220;on|phone&#8220; animation=&#8220;off&#8220; link_option_url=&#8220;http:\/\/usedom-rad.de&#8220; header_font_size_tablet=&#8220;17px&#8220; header_font_size_phone=&#8220;16px&#8220; header_font_size_last_edited=&#8220;on|phone&#8220; body_font_size_tablet=&#8220;&#8220; body_font_size_phone=&#8220;13px&#8220; body_font_size_last_edited=&#8220;on|phone&#8220; locked=&#8220;off&#8220; global_colors_info=&#8220;{}&#8220;][\/et_pb_blurb][\/et_pb_column_inner][et_pb_column_inner type=&#8220;1_2&#8243; saved_specialty_column_type=&#8220;1_2&#8243; _builder_version=&#8220;4.16&#8243; _dynamic_attributes=&#8220;link_option_url&#8220; _module_preset=&#8220;default&#8220; background_enable_color=&#8220;off&#8220; custom_padding=&#8220;60px|20px|60px|20px|true|true&#8220; custom_padding_tablet=&#8220;40px||40px||true|true&#8220; custom_padding_phone=&#8220;&#8220; custom_padding_last_edited=&#8220;on|phone&#8220; link_option_url=&#8220;@ET-DC@eyJkeW5hbWljIjp0cnVlLCJjb250ZW50IjoicG9zdF9saW5rX3VybF9wYWdlIiwic2V0dGluZ3MiOnsicG9zdF9pZCI6IjE2MCJ9fQ==@&#8220; global_colors_info=&#8220;{}&#8220;][et_pb_image src=&#8220;https:\/\/mv-rad.de\/wp-content\/uploads\/2022\/03\/Wappen_Greifswald_500px.png&#8220; title_text=&#8220;Wappen_Greifswald_500px&#8220; _builder_version=&#8220;4.20.2&#8243; _module_preset=&#8220;default&#8220; width=&#8220;20%&#8220; width_tablet=&#8220;20%&#8220; width_phone=&#8220;33%&#8220; width_last_edited=&#8220;on|phone&#8220; module_alignment=&#8220;center&#8220; global_colors_info=&#8220;{}&#8220;][\/et_pb_image][et_pb_blurb title=&#8220;StadtRad Greifswald&#8220; url=&#8220;https:\/\/Stadtrad-Greifswald.de&#8220; image=&#8220;https:\/\/mv-rad.de\/wp-content\/uploads\/2021\/12\/Logo-StadtRad-Greifswald_weiss.png&#8220; content_max_width=&#8220;96%&#8220; content_max_width_tablet=&#8220;&#8220; content_max_width_phone=&#8220;81%&#8220; content_max_width_last_edited=&#8220;on|phone&#8220; _builder_version=&#8220;4.24.0&#8243; _module_preset=&#8220;a1d2ae3f-62db-4b8f-9b67-ae0b67fabd38&#8243; header_font=&#8220;Merriweather||||||||&#8220; header_text_color=&#8220;#FFFFFF&#8220; header_line_height=&#8220;1.4em&#8220; body_text_color=&#8220;#FFFFFF&#8220; body_line_height=&#8220;2em&#8220; text_orientation=&#8220;center&#8220; custom_margin=&#8220;20px||||false|false&#8220; custom_padding=&#8220;||||false|false&#8220; animation=&#8220;off&#8220; link_option_url=&#8220;https:\/\/Stadtrad-Greifswald.de&#8220; header_font_size_tablet=&#8220;17px&#8220; header_font_size_phone=&#8220;16px&#8220; header_font_size_last_edited=&#8220;on|phone&#8220; body_font_size_tablet=&#8220;&#8220; body_font_size_phone=&#8220;13px&#8220; body_font_size_last_edited=&#8220;on|phone&#8220; locked=&#8220;off&#8220; global_colors_info=&#8220;{}&#8220;][\/et_pb_blurb][\/et_pb_column_inner][\/et_pb_row_inner][et_pb_row_inner column_structure=&#8220;1_2,1_2&#8243; use_custom_gutter=&#8220;on&#8220; gutter_width=&#8220;1&#8243; make_equal=&#8220;on&#8220; _builder_version=&#8220;4.20.2&#8243; _module_preset=&#8220;default&#8220; background_color=&#8220;#fcc726&#8243; custom_padding=&#8220;0px||0px||true|false&#8220; locked=&#8220;off&#8220; global_colors_info=&#8220;{}&#8220;][et_pb_column_inner type=&#8220;1_2&#8243; saved_specialty_column_type=&#8220;1_2&#8243; _builder_version=&#8220;4.20.2&#8243; _dynamic_attributes=&#8220;link_option_url&#8220; _module_preset=&#8220;default&#8220; background_color=&#8220;#94c120&#8243; custom_padding=&#8220;60px|20px|60px|20px|true|true&#8220; custom_padding_tablet=&#8220;40px||40px||true|true&#8220; custom_padding_phone=&#8220;&#8220; custom_padding_last_edited=&#8220;on|phone&#8220; link_option_url=&#8220;@ET-DC@eyJkeW5hbWljIjp0cnVlLCJjb250ZW50IjoicG9zdF9saW5rX3VybF9wYWdlIiwic2V0dGluZ3MiOnsicG9zdF9pZCI6IjY4NDAifX0=@&#8220; global_colors_info=&#8220;{}&#8220;][et_pb_blurb title=&#8220;Pedelec Power Usedom&#8220; url=&#8220;https:\/\/pedelec-power-usedom.de&#8220; image=&#8220;https:\/\/mv-rad.de\/wp-content\/uploads\/2023\/09\/logo_pedelec_power_usedom_600x600.png&#8220; alt=&#8220;Logo Pedelec Power Usedom&#8220; icon_alignment=&#8220;right&#8220; content_max_width=&#8220;100%&#8220; image_tablet=&#8220;https:\/\/mv-rad.de\/wp-content\/uploads\/2023\/09\/logo_pedelec_power_usedom_600x600.png&#8220; image_phone=&#8220;https:\/\/mv-rad.de\/wp-content\/uploads\/2023\/09\/logo_pedelec_power_usedom_600x600.png&#8220; image_last_edited=&#8220;on|phone&#8220; content_max_width_tablet=&#8220;100%&#8220; content_max_width_phone=&#8220;100%&#8220; content_max_width_last_edited=&#8220;on|phone&#8220; _builder_version=&#8220;4.24.0&#8243; _module_preset=&#8220;a1d2ae3f-62db-4b8f-9b67-ae0b67fabd38&#8243; header_font=&#8220;Merriweather||||||||&#8220; header_text_color=&#8220;#1c4982&#8243; header_line_height=&#8220;1.4em&#8220; body_text_color=&#8220;#FFFFFF&#8220; body_line_height=&#8220;2em&#8220; text_orientation=&#8220;center&#8220; width=&#8220;61%&#8220; width_tablet=&#8220;61%&#8220; width_phone=&#8220;55%&#8220; width_last_edited=&#8220;on|phone&#8220; module_alignment=&#8220;center&#8220; custom_margin=&#8220;||||false|false&#8220; animation=&#8220;off&#8220; link_option_url=&#8220;https:\/\/pedelec-power-usedom.de&#8220; header_font_size_tablet=&#8220;17px&#8220; header_font_size_phone=&#8220;16px&#8220; header_font_size_last_edited=&#8220;on|phone&#8220; body_font_size_tablet=&#8220;&#8220; body_font_size_phone=&#8220;13px&#8220; body_font_size_last_edited=&#8220;on|phone&#8220; locked=&#8220;off&#8220; global_colors_info=&#8220;{}&#8220;][\/et_pb_blurb][\/et_pb_column_inner][et_pb_column_inner type=&#8220;1_2&#8243; saved_specialty_column_type=&#8220;1_2&#8243; _builder_version=&#8220;4.19.4&#8243; _module_preset=&#8220;default&#8220; background_color=&#8220;#009fe3&#8243; custom_padding=&#8220;60px|20px|60px|20px|true|true&#8220; custom_padding_tablet=&#8220;40px||40px||true|true&#8220; custom_padding_phone=&#8220;&#8220; custom_padding_last_edited=&#8220;on|phone&#8220; global_colors_info=&#8220;{}&#8220;][et_pb_blurb content_max_width=&#8220;128%&#8220; _builder_version=&#8220;4.19.4&#8243; _module_preset=&#8220;a1d2ae3f-62db-4b8f-9b67-ae0b67fabd38&#8243; header_font=&#8220;Merriweather||||||||&#8220; header_text_color=&#8220;#FFFFFF&#8220; header_line_height=&#8220;1.4em&#8220; body_text_color=&#8220;#FFFFFF&#8220; body_line_height=&#8220;2em&#8220; background_enable_image=&#8220;off&#8220; text_orientation=&#8220;center&#8220; animation=&#8220;off&#8220; header_font_size_tablet=&#8220;17px&#8220; header_font_size_phone=&#8220;16px&#8220; header_font_size_last_edited=&#8220;on|phone&#8220; body_font_size_tablet=&#8220;&#8220; body_font_size_phone=&#8220;13px&#8220; body_font_size_last_edited=&#8220;on|phone&#8220; locked=&#8220;off&#8220; global_colors_info=&#8220;{}&#8220;][\/et_pb_blurb][et_pb_blurb title=&#8220;Cargo Power Usedom&#8220; url=&#8220;@ET-DC@eyJkeW5hbWljIjp0cnVlLCJjb250ZW50IjoicG9zdF9saW5rX3VybF9wYWdlIiwic2V0dGluZ3MiOnsicG9zdF9pZCI6IjY5MzcifX0=@&#8220; image=&#8220;https:\/\/mv-rad.de\/wp-content\/uploads\/2023\/09\/logo_cargo_power_usedom_v2_600x600.png&#8220; alt=&#8220;Logo Cargo Power Usedom&#8220; icon_alignment=&#8220;right&#8220; content_max_width=&#8220;100%&#8220; image_tablet=&#8220;https:\/\/mv-rad.de\/wp-content\/uploads\/2023\/09\/logo_cargo_power_usedom_v2_600x600.png&#8220; image_phone=&#8220;https:\/\/mv-rad.de\/wp-content\/uploads\/2023\/09\/logo_cargo_power_usedom_v2_600x600.png&#8220; image_last_edited=&#8220;on|phone&#8220; content_max_width_tablet=&#8220;100%&#8220; content_max_width_phone=&#8220;100%&#8220; content_max_width_last_edited=&#8220;on|phone&#8220; _builder_version=&#8220;4.22.1&#8243; _dynamic_attributes=&#8220;url,link_option_url&#8220; _module_preset=&#8220;a1d2ae3f-62db-4b8f-9b67-ae0b67fabd38&#8243; header_font=&#8220;Merriweather||||||||&#8220; header_text_color=&#8220;#1c4982&#8243; header_line_height=&#8220;1.4em&#8220; body_text_color=&#8220;#FFFFFF&#8220; body_line_height=&#8220;2em&#8220; text_orientation=&#8220;center&#8220; width=&#8220;61%&#8220; width_tablet=&#8220;61%&#8220; width_phone=&#8220;55%&#8220; width_last_edited=&#8220;on|phone&#8220; module_alignment=&#8220;center&#8220; custom_margin=&#8220;||0px||false|false&#8220; custom_padding=&#8220;||||false|false&#8220; animation=&#8220;off&#8220; link_option_url=&#8220;@ET-DC@eyJkeW5hbWljIjp0cnVlLCJjb250ZW50IjoicG9zdF9saW5rX3VybF9wYWdlIiwic2V0dGluZ3MiOnsicG9zdF9pZCI6IjY5MzcifX0=@&#8220; header_font_size_tablet=&#8220;17px&#8220; header_font_size_phone=&#8220;16px&#8220; header_font_size_last_edited=&#8220;on|phone&#8220; body_font_size_tablet=&#8220;&#8220; body_font_size_phone=&#8220;13px&#8220; body_font_size_last_edited=&#8220;on|phone&#8220; locked=&#8220;off&#8220; global_colors_info=&#8220;{}&#8220;][\/et_pb_blurb][\/et_pb_column_inner][\/et_pb_row_inner][et_pb_row_inner use_custom_gutter=&#8220;on&#8220; gutter_width=&#8220;1&#8243; make_equal=&#8220;on&#8220; custom_padding_last_edited=&#8220;on|phone&#8220; _builder_version=&#8220;4.24.0&#8243; _module_preset=&#8220;default&#8220; background_color=&#8220;#686868&#8243; height_tablet=&#8220;&#8220; height_phone=&#8220;&#8220; height_last_edited=&#8220;on|phone&#8220; custom_margin=&#8220;||||false|false&#8220; custom_margin_tablet=&#8220;||||false|false&#8220; custom_margin_phone=&#8220;||||true|false&#8220; custom_margin_last_edited=&#8220;on|phone&#8220; custom_padding=&#8220;||||true|false&#8220; custom_padding_tablet=&#8220;||||true|false&#8220; custom_padding_phone=&#8220;0px||0px||true|false&#8220; locked=&#8220;off&#8220; global_colors_info=&#8220;{}&#8220;][et_pb_column_inner saved_specialty_column_type=&#8220;1_2&#8243; _builder_version=&#8220;4.24.0&#8243; _module_preset=&#8220;default&#8220; background_color=&#8220;#686868&#8243; custom_padding=&#8220;|20px||20px|false|true&#8220; custom_padding_tablet=&#8220;40px||40px||true|true&#8220; custom_padding_phone=&#8220;&#8220; custom_padding_last_edited=&#8220;on|phone&#8220; global_colors_info=&#8220;{}&#8220;][et_pb_blurb url=&#8220;https:\/\/kurkarte-ueckeritz.de&#8220; url_new_window=&#8220;on&#8220; content_max_width=&#8220;100%&#8220; _builder_version=&#8220;4.27.4&#8243; _module_preset=&#8220;a1d2ae3f-62db-4b8f-9b67-ae0b67fabd38&#8243; header_font=&#8220;Merriweather||||||||&#8220; header_text_color=&#8220;#1c4982&#8243; header_line_height=&#8220;1.4em&#8220; body_font=&#8220;Merriweather||||||||&#8220; body_text_color=&#8220;#FFFFFF&#8220; body_font_size=&#8220;18px&#8220; body_line_height=&#8220;1.4em&#8220; text_orientation=&#8220;center&#8220; background_layout=&#8220;dark&#8220; custom_margin=&#8220;2px||0px||false|false&#8220; custom_padding=&#8220;||10px||false|false&#8220; animation=&#8220;off&#8220; header_font_size_tablet=&#8220;17px&#8220; header_font_size_phone=&#8220;16px&#8220; header_font_size_last_edited=&#8220;on|phone&#8220; body_font_size_tablet=&#8220;&#8220; body_font_size_phone=&#8220;15px&#8220; body_font_size_last_edited=&#8220;on|phone&#8220; locked=&#8220;off&#8220; global_colors_info=&#8220;{}&#8220;]<\/p>\n<p>UsedomCard \u00dcckeritz <a href=\"https:\/\/usedomcard-ueckeritz.de\" target=\"_blank\" rel=\"noopener nofollow\">(mehr Infos)<\/a><\/p>\n<p>[\/et_pb_blurb][et_pb_blurb url=&#8220;https:\/\/buergerrad-mv.de&#8220; url_new_window=&#8220;on&#8220; content_max_width=&#8220;100%&#8220; _builder_version=&#8220;4.24.0&#8243; _module_preset=&#8220;a1d2ae3f-62db-4b8f-9b67-ae0b67fabd38&#8243; header_font=&#8220;Merriweather||||||||&#8220; header_text_color=&#8220;#1c4982&#8243; header_line_height=&#8220;1.4em&#8220; body_font=&#8220;Merriweather||||||||&#8220; body_text_color=&#8220;#FFFFFF&#8220; body_font_size=&#8220;18px&#8220; body_line_height=&#8220;1.4em&#8220; text_orientation=&#8220;center&#8220; custom_margin=&#8220;2px||0px||false|false&#8220; custom_margin_tablet=&#8220;2px||0px||false|false&#8220; custom_margin_phone=&#8220;5px||0px||false|false&#8220; custom_margin_last_edited=&#8220;on|phone&#8220; custom_padding=&#8220;||10px||false|false&#8220; animation=&#8220;off&#8220; header_font_size_tablet=&#8220;17px&#8220; header_font_size_phone=&#8220;16px&#8220; header_font_size_last_edited=&#8220;on|phone&#8220; body_font_size_tablet=&#8220;&#8220; body_font_size_phone=&#8220;15px&#8220; body_font_size_last_edited=&#8220;on|phone&#8220; locked=&#8220;off&#8220; global_colors_info=&#8220;{}&#8220;]<\/p>\n<p>B\u00fcrgerRad MV <a href=\"https:\/\/buergerrad-mv.de\" target=\"_blank\" rel=\"noopener nofollow\">(mehr Infos)<\/a><\/p>\n<p>[\/et_pb_blurb][et_pb_blurb url=&#8220;https:\/\/dienstradmv.de&#8220; url_new_window=&#8220;on&#8220; content_max_width=&#8220;100%&#8220; _builder_version=&#8220;4.24.0&#8243; _module_preset=&#8220;a1d2ae3f-62db-4b8f-9b67-ae0b67fabd38&#8243; header_font=&#8220;Merriweather||||||||&#8220; header_text_color=&#8220;#1c4982&#8243; header_line_height=&#8220;1.4em&#8220; body_font=&#8220;Merriweather||||||||&#8220; body_text_color=&#8220;#FFFFFF&#8220; body_font_size=&#8220;18px&#8220; body_line_height=&#8220;1.4em&#8220; text_orientation=&#8220;center&#8220; custom_margin=&#8220;2px||0px||false|false&#8220; custom_margin_tablet=&#8220;2px||0px||false|false&#8220; custom_margin_phone=&#8220;5px||0px||false|false&#8220; custom_margin_last_edited=&#8220;on|phone&#8220; custom_padding=&#8220;||10px||false|false&#8220; animation=&#8220;off&#8220; header_font_size_tablet=&#8220;17px&#8220; header_font_size_phone=&#8220;16px&#8220; header_font_size_last_edited=&#8220;on|phone&#8220; body_font_size_tablet=&#8220;&#8220; body_font_size_phone=&#8220;15px&#8220; body_font_size_last_edited=&#8220;on|phone&#8220; locked=&#8220;off&#8220; global_colors_info=&#8220;{}&#8220;]<\/p>\n<p>DienstRad MV <a href=\"https:\/\/dienstradmv.de\" target=\"_blank\" rel=\"noopener nofollow\">(mehr Infos)<\/a><\/p>\n<p>[\/et_pb_blurb][\/et_pb_column_inner][\/et_pb_row_inner][et_pb_row_inner use_custom_gutter=&#8220;on&#8220; gutter_width=&#8220;1&#8243; make_equal=&#8220;on&#8220; custom_padding_last_edited=&#8220;on|phone&#8220; _builder_version=&#8220;4.24.0&#8243; _module_preset=&#8220;default&#8220; background_color=&#8220;#848484&#8243; height_tablet=&#8220;&#8220; height_phone=&#8220;&#8220; height_last_edited=&#8220;on|phone&#8220; custom_margin=&#8220;||||false|false&#8220; custom_margin_tablet=&#8220;||||false|false&#8220; custom_margin_phone=&#8220;||||true|false&#8220; custom_margin_last_edited=&#8220;on|phone&#8220; custom_padding=&#8220;||||true|false&#8220; custom_padding_tablet=&#8220;||||true|false&#8220; custom_padding_phone=&#8220;0px||0px||true|false&#8220; locked=&#8220;off&#8220; global_colors_info=&#8220;{}&#8220;][et_pb_column_inner saved_specialty_column_type=&#8220;1_2&#8243; _builder_version=&#8220;4.24.0&#8243; _module_preset=&#8220;default&#8220; background_color=&#8220;#848484&#8243; custom_padding=&#8220;|20px||20px|false|true&#8220; custom_padding_tablet=&#8220;40px||40px||true|true&#8220; custom_padding_phone=&#8220;&#8220; custom_padding_last_edited=&#8220;on|phone&#8220; global_colors_info=&#8220;{}&#8220;][et_pb_blurb url=&#8220;https:\/\/mv-rad.app&#8220; url_new_window=&#8220;on&#8220; content_max_width=&#8220;100%&#8220; _builder_version=&#8220;4.24.0&#8243; _module_preset=&#8220;a1d2ae3f-62db-4b8f-9b67-ae0b67fabd38&#8243; header_font=&#8220;Merriweather||||||||&#8220; header_text_color=&#8220;#1c4982&#8243; header_line_height=&#8220;1.4em&#8220; body_font=&#8220;Merriweather||||||||&#8220; body_text_color=&#8220;#FFFFFF&#8220; body_font_size=&#8220;18px&#8220; body_line_height=&#8220;1.4em&#8220; text_orientation=&#8220;center&#8220; background_layout=&#8220;dark&#8220; custom_margin=&#8220;2px||0px||false|false&#8220; custom_padding=&#8220;||10px||false|false&#8220; animation=&#8220;off&#8220; header_font_size_tablet=&#8220;17px&#8220; header_font_size_phone=&#8220;16px&#8220; header_font_size_last_edited=&#8220;on|phone&#8220; body_font_size_tablet=&#8220;&#8220; body_font_size_phone=&#8220;15px&#8220; body_font_size_last_edited=&#8220;on|phone&#8220; locked=&#8220;off&#8220; global_colors_info=&#8220;{}&#8220;]<\/p>\n<p>MV-Rad App<a href=\"https:\/\/mv-rad.app\" target=\"_blank\" rel=\"noopener nofollow\"> (mehr Infos)<\/a><\/p>\n<p>[\/et_pb_blurb][\/et_pb_column_inner][\/et_pb_row_inner][\/et_pb_column][et_pb_column type=&#8220;1_2&#8243; _builder_version=&#8220;4.16&#8243; custom_padding=&#8220;|||&#8220; global_colors_info=&#8220;{}&#8220; custom_padding__hover=&#8220;|||&#8220;][et_pb_image src=&#8220;https:\/\/mv-rad.de\/wp-content\/uploads\/2023\/09\/Logo_MV-Rad_Rechteck_1051x697.jpg&#8220; url=&#8220;@ET-DC@eyJkeW5hbWljIjp0cnVlLCJjb250ZW50IjoicG9zdF9saW5rX3VybF9wYWdlIiwic2V0dGluZ3MiOnsicG9zdF9pZCI6IjQ4MzcifX0=@&#8220; align=&#8220;center&#8220; _builder_version=&#8220;4.22.1&#8243; _dynamic_attributes=&#8220;url&#8220; _module_preset=&#8220;default&#8220; width=&#8220;55%&#8220; width_tablet=&#8220;&#8220; width_phone=&#8220;&#8220; width_last_edited=&#8220;on|desktop&#8220; custom_margin=&#8220;-10px||40px||false|false&#8220; custom_padding=&#8220;11px||0px||false|false&#8220; global_colors_info=&#8220;{}&#8220;][\/et_pb_image][et_pb_text _builder_version=&#8220;4.22.1&#8243; _module_preset=&#8220;32021f09-dd67-47fb-8f9a-832b72a38baf&#8220; text_font_size=&#8220;6px&#8220; header_2_font=&#8220;Merriweather|600|||||||&#8220; header_2_text_color=&#8220;#FFFFFF&#8220; header_2_font_size=&#8220;28px&#8220; header_2_line_height=&#8220;1.2em&#8220; text_orientation=&#8220;center&#8220; custom_margin=&#8220;||20px||false|false&#8220; animation_direction=&#8220;left&#8220; header_2_font_size_tablet=&#8220;34px&#8220; header_2_font_size_phone=&#8220;21px&#8220; header_2_font_size_last_edited=&#8220;on|phone&#8220; locked=&#8220;off&#8220; global_colors_info=&#8220;{}&#8220;]<\/p>\n<h2>Die Dachmarke MV-Rad in ganz Mecklenburg-Vorpommern<\/h2>\n<p>[\/et_pb_text][et_pb_blurb content_max_width=&#8220;100%&#8220; _builder_version=&#8220;4.17.3&#8243; _module_preset=&#8220;a1d2ae3f-62db-4b8f-9b67-ae0b67fabd38&#8243; header_font=&#8220;Merriweather||||||||&#8220; header_text_color=&#8220;#FFFFFF&#8220; header_line_height=&#8220;1.4em&#8220; body_font=&#8220;Merriweather||||||||&#8220; body_text_color=&#8220;#FFFFFF&#8220; body_font_size=&#8220;18px&#8220; body_line_height=&#8220;1.4em&#8220; text_orientation=&#8220;center&#8220; background_layout=&#8220;dark&#8220; custom_margin=&#8220;2px||||false|false&#8220; animation=&#8220;off&#8220; header_font_size_tablet=&#8220;17px&#8220; header_font_size_phone=&#8220;16px&#8220; header_font_size_last_edited=&#8220;on|phone&#8220; body_font_size_tablet=&#8220;&#8220; body_font_size_phone=&#8220;13px&#8220; body_font_size_last_edited=&#8220;on|phone&#8220; locked=&#8220;off&#8220; global_colors_info=&#8220;{}&#8220;]<\/p>\n<h4>mit Stationen an allen<\/h4>\n<h4>Jugendherbergen des Landes<\/h4>\n<p>[\/et_pb_blurb][et_pb_image src=&#8220;https:\/\/mv-rad.de\/wp-content\/uploads\/2021\/12\/DJH_Logo_jh_de_Weiss.png&#8220; title_text=&#8220;DJH_Logo_jh_de_Weiss&#8220; url=&#8220;@ET-DC@eyJkeW5hbWljIjp0cnVlLCJjb250ZW50IjoicG9zdF9saW5rX3VybF9wYWdlIiwic2V0dGluZ3MiOnsicG9zdF9pZCI6IjQ4MzcifX0=@&#8220; align=&#8220;center&#8220; _builder_version=&#8220;4.17.3&#8243; _dynamic_attributes=&#8220;url&#8220; _module_preset=&#8220;default&#8220; width=&#8220;75%&#8220; width_tablet=&#8220;&#8220; width_phone=&#8220;&#8220; width_last_edited=&#8220;on|desktop&#8220; custom_margin=&#8220;20px||40px||false|false&#8220; custom_padding=&#8220;11px||0px||false|false&#8220; global_colors_info=&#8220;{}&#8220;][\/et_pb_image][et_pb_blurb content_max_width=&#8220;100%&#8220; _builder_version=&#8220;4.22.1&#8243; _module_preset=&#8220;a1d2ae3f-62db-4b8f-9b67-ae0b67fabd38&#8243; header_font=&#8220;Merriweather||||||||&#8220; header_text_color=&#8220;#FFFFFF&#8220; header_line_height=&#8220;1.4em&#8220; body_font=&#8220;Merriweather||||||||&#8220; body_text_color=&#8220;#FFFFFF&#8220; body_font_size=&#8220;18px&#8220; body_line_height=&#8220;1.4em&#8220; text_orientation=&#8220;center&#8220; background_layout=&#8220;dark&#8220; custom_margin=&#8220;2px||0px||false|false&#8220; custom_padding=&#8220;||10px||false|false&#8220; animation=&#8220;off&#8220; header_font_size_tablet=&#8220;17px&#8220; header_font_size_phone=&#8220;16px&#8220; header_font_size_last_edited=&#8220;on|phone&#8220; body_font_size_tablet=&#8220;&#8220; body_font_size_phone=&#8220;13px&#8220; body_font_size_last_edited=&#8220;on|phone&#8220; locked=&#8220;off&#8220; global_colors_info=&#8220;{}&#8220;]<\/p>\n<p>StadtRad Wolgast <a href=\"https:\/\/mv-rad.de\/stadtrad-wolgast\/\">(mehr Infos)<\/a><\/p>\n<p>[\/et_pb_blurb][et_pb_blurb content_max_width=&#8220;100%&#8220; _builder_version=&#8220;4.22.1&#8243; _module_preset=&#8220;a1d2ae3f-62db-4b8f-9b67-ae0b67fabd38&#8243; header_font=&#8220;Merriweather||||||||&#8220; header_text_color=&#8220;#FFFFFF&#8220; header_line_height=&#8220;1.4em&#8220; body_font=&#8220;Merriweather||||||||&#8220; body_text_color=&#8220;#FFFFFF&#8220; body_font_size=&#8220;18px&#8220; body_line_height=&#8220;1.4em&#8220; text_orientation=&#8220;center&#8220; background_layout=&#8220;dark&#8220; custom_margin=&#8220;2px||||false|false&#8220; custom_padding=&#8220;||10px||false|false&#8220; animation=&#8220;off&#8220; header_font_size_tablet=&#8220;17px&#8220; header_font_size_phone=&#8220;16px&#8220; header_font_size_last_edited=&#8220;on|phone&#8220; body_font_size_tablet=&#8220;&#8220; body_font_size_phone=&#8220;13px&#8220; body_font_size_last_edited=&#8220;on|phone&#8220; locked=&#8220;off&#8220; global_colors_info=&#8220;{}&#8220;]<\/p>\n<p>StadtRad Anklam <a href=\"https:\/\/mv-rad.de\/stadtrad-anklam\/\">(mehr Infos)<\/a><\/p>\n<p>[\/et_pb_blurb][et_pb_blurb content_max_width=&#8220;100%&#8220; _builder_version=&#8220;4.22.1&#8243; _module_preset=&#8220;a1d2ae3f-62db-4b8f-9b67-ae0b67fabd38&#8243; header_font=&#8220;Merriweather||||||||&#8220; header_text_color=&#8220;#FFFFFF&#8220; header_line_height=&#8220;1.4em&#8220; body_font=&#8220;Merriweather||||||||&#8220; body_text_color=&#8220;#FFFFFF&#8220; body_font_size=&#8220;18px&#8220; body_line_height=&#8220;1.4em&#8220; text_orientation=&#8220;center&#8220; background_layout=&#8220;dark&#8220; custom_margin=&#8220;2px||||false|false&#8220; animation=&#8220;off&#8220; header_font_size_tablet=&#8220;17px&#8220; header_font_size_phone=&#8220;16px&#8220; header_font_size_last_edited=&#8220;on|phone&#8220; body_font_size_tablet=&#8220;&#8220; body_font_size_phone=&#8220;13px&#8220; body_font_size_last_edited=&#8220;on|phone&#8220; locked=&#8220;off&#8220; global_colors_info=&#8220;{}&#8220;]<\/p>\n<p>StadtRad Ueckerm\u00fcnde <a href=\"https:\/\/mv-rad.de\/stadtrad-ueckermuende\/\">(mehr Infos)<\/a><\/p>\n<p>[\/et_pb_blurb][et_pb_blurb content_max_width=&#8220;100%&#8220; _builder_version=&#8220;4.27.4&#8243; _module_preset=&#8220;a1d2ae3f-62db-4b8f-9b67-ae0b67fabd38&#8243; header_font=&#8220;Merriweather||||||||&#8220; header_text_color=&#8220;#FFFFFF&#8220; header_line_height=&#8220;1.4em&#8220; body_font=&#8220;Merriweather||||||||&#8220; body_text_color=&#8220;#FFFFFF&#8220; body_font_size=&#8220;18px&#8220; body_line_height=&#8220;1.4em&#8220; text_orientation=&#8220;center&#8220; background_layout=&#8220;dark&#8220; custom_margin=&#8220;10px||||false|false&#8220; animation=&#8220;off&#8220; header_font_size_tablet=&#8220;17px&#8220; header_font_size_phone=&#8220;16px&#8220; header_font_size_last_edited=&#8220;on|phone&#8220; body_font_size_tablet=&#8220;&#8220; body_font_size_phone=&#8220;13px&#8220; body_font_size_last_edited=&#8220;on|phone&#8220; locked=&#8220;off&#8220; global_colors_info=&#8220;{}&#8220;]<\/p>\n<p>StadtRad Torgelow <a href=\"https:\/\/mv-rad.de\/stadtrad-torgelow\/\">(mehr Infos)<\/a><\/p>\n<p>[\/et_pb_blurb][et_pb_blurb content_max_width=&#8220;100%&#8220; _builder_version=&#8220;4.27.4&#8243; _module_preset=&#8220;a1d2ae3f-62db-4b8f-9b67-ae0b67fabd38&#8243; header_font=&#8220;Merriweather||||||||&#8220; header_text_color=&#8220;#FFFFFF&#8220; header_line_height=&#8220;1.4em&#8220; body_font=&#8220;Merriweather||||||||&#8220; body_text_color=&#8220;#FFFFFF&#8220; body_font_size=&#8220;18px&#8220; body_line_height=&#8220;1.4em&#8220; text_orientation=&#8220;center&#8220; background_layout=&#8220;dark&#8220; custom_margin=&#8220;10px||||false|false&#8220; animation=&#8220;off&#8220; header_font_size_tablet=&#8220;17px&#8220; header_font_size_phone=&#8220;16px&#8220; header_font_size_last_edited=&#8220;on|phone&#8220; body_font_size_tablet=&#8220;&#8220; body_font_size_phone=&#8220;13px&#8220; body_font_size_last_edited=&#8220;on|phone&#8220; locked=&#8220;off&#8220; global_colors_info=&#8220;{}&#8220;]<\/p>\n<p>StadtRad Pasewalk <a href=\"https:\/\/mv-rad.de\/stadtrad-pasewalk\/\">(mehr Infos)<\/a><\/p>\n<p>[\/et_pb_blurb][et_pb_blurb content_max_width=&#8220;100%&#8220; _builder_version=&#8220;4.27.4&#8243; _module_preset=&#8220;a1d2ae3f-62db-4b8f-9b67-ae0b67fabd38&#8243; header_font=&#8220;Merriweather||||||||&#8220; header_text_color=&#8220;#FFFFFF&#8220; header_line_height=&#8220;1.4em&#8220; body_font=&#8220;Merriweather||||||||&#8220; body_text_color=&#8220;#FFFFFF&#8220; body_font_size=&#8220;18px&#8220; body_line_height=&#8220;1.4em&#8220; text_orientation=&#8220;center&#8220; background_layout=&#8220;dark&#8220; custom_margin=&#8220;10px||||false|false&#8220; animation=&#8220;off&#8220; header_font_size_tablet=&#8220;17px&#8220; header_font_size_phone=&#8220;16px&#8220; header_font_size_last_edited=&#8220;on|phone&#8220; body_font_size_tablet=&#8220;&#8220; body_font_size_phone=&#8220;13px&#8220; body_font_size_last_edited=&#8220;on|phone&#8220; locked=&#8220;off&#8220; global_colors_info=&#8220;{}&#8220;]<\/p>\n<p>StadtRad Eggesin <a href=\"https:\/\/mv-rad.de\/stadtrad-eggesin\/\">(mehr Infos)<\/a><\/p>\n<p>[\/et_pb_blurb][et_pb_blurb content_max_width=&#8220;100%&#8220; _builder_version=&#8220;4.22.1&#8243; _module_preset=&#8220;a1d2ae3f-62db-4b8f-9b67-ae0b67fabd38&#8243; header_font=&#8220;Merriweather||||||||&#8220; header_text_color=&#8220;#FFFFFF&#8220; header_line_height=&#8220;1.4em&#8220; body_font=&#8220;Merriweather||||||||&#8220; body_text_color=&#8220;#FFFFFF&#8220; body_font_size=&#8220;18px&#8220; body_line_height=&#8220;2em&#8220; text_orientation=&#8220;center&#8220; background_layout=&#8220;dark&#8220; custom_margin=&#8220;40px||||false|false&#8220; animation=&#8220;off&#8220; header_font_size_tablet=&#8220;17px&#8220; header_font_size_phone=&#8220;16px&#8220; header_font_size_last_edited=&#8220;on|phone&#8220; body_font_size_tablet=&#8220;&#8220; body_font_size_phone=&#8220;13px&#8220; body_font_size_last_edited=&#8220;on|phone&#8220; locked=&#8220;off&#8220; global_colors_info=&#8220;{}&#8220;]<\/p>\n<h4>Zur Stationskarte und zur Stationsliste<\/h4>\n<p>[\/et_pb_blurb][et_pb_blurb content_max_width=&#8220;100%&#8220; _builder_version=&#8220;4.17.3&#8243; _module_preset=&#8220;a1d2ae3f-62db-4b8f-9b67-ae0b67fabd38&#8243; header_font=&#8220;Merriweather||||||||&#8220; header_text_color=&#8220;#FFFFFF&#8220; header_line_height=&#8220;1.4em&#8220; body_font=&#8220;Merriweather||||||||&#8220; body_text_color=&#8220;#FFFFFF&#8220; body_font_size=&#8220;18px&#8220; body_line_height=&#8220;2em&#8220; text_orientation=&#8220;center&#8220; background_layout=&#8220;dark&#8220; custom_margin=&#8220;5px||||false|false&#8220; animation=&#8220;off&#8220; header_font_size_tablet=&#8220;17px&#8220; header_font_size_phone=&#8220;16px&#8220; header_font_size_last_edited=&#8220;on|phone&#8220; body_font_size_tablet=&#8220;&#8220; body_font_size_phone=&#8220;13px&#8220; body_font_size_last_edited=&#8220;on|phone&#8220; locked=&#8220;off&#8220; global_colors_info=&#8220;{}&#8220;]<\/p>\n<h4>(Gesamt)<\/h4>\n<p>[\/et_pb_blurb][et_pb_button button_url=&#8220;@ET-DC@eyJkeW5hbWljIjp0cnVlLCJjb250ZW50IjoicG9zdF9saW5rX3VybF9wYWdlIiwic2V0dGluZ3MiOnsicG9zdF9pZCI6IjY2MjMifX0=@&#8220; button_text=&#8220;Hier klicken&#8220; button_alignment=&#8220;center&#8220; _builder_version=&#8220;4.17.3&#8243; _dynamic_attributes=&#8220;button_url&#8220; _module_preset=&#8220;a93bd5f4-85ca-4af8-aab9-5954042d5969&#8243; custom_button=&#8220;on&#8220; button_text_size=&#8220;14px&#8220; button_bg_color=&#8220;#1c4982&#8243; button_border_width=&#8220;1px&#8220; button_border_color=&#8220;#FFFFFF&#8220; button_border_radius=&#8220;0px&#8220; button_letter_spacing=&#8220;2px&#8220; button_font=&#8220;|700||on|||||&#8220; background_layout=&#8220;dark&#8220; custom_margin=&#8220;12px||||false|false&#8220; custom_padding=&#8220;10px|35px|10px|35px|true|true&#8220; custom_padding_tablet=&#8220;12px|30px|12px|30px|true|true&#8220; custom_padding_phone=&#8220;10px|20px|10px|20px|true|true&#8220; custom_padding_last_edited=&#8220;on|phone&#8220; button_text_size_tablet=&#8220;13px&#8220; button_text_size_phone=&#8220;12px&#8220; button_text_size_last_edited=&#8220;on|tablet&#8220; locked=&#8220;off&#8220; global_colors_info=&#8220;{}&#8220; button_bg_color__hover=&#8220;#009fe3&#8243; button_bg_color__hover_enabled=&#8220;on|hover&#8220; button_bg_enable_color__hover=&#8220;on&#8220;][\/et_pb_button][et_pb_blurb content_max_width=&#8220;100%&#8220; _builder_version=&#8220;4.17.3&#8243; _dynamic_attributes=&#8220;link_option_url&#8220; _module_preset=&#8220;a1d2ae3f-62db-4b8f-9b67-ae0b67fabd38&#8243; header_font=&#8220;Merriweather||||||||&#8220; header_text_color=&#8220;#FFFFFF&#8220; header_line_height=&#8220;1.4em&#8220; body_text_color=&#8220;#FFFFFF&#8220; body_line_height=&#8220;2em&#8220; text_orientation=&#8220;center&#8220; custom_margin=&#8220;-8px||||false|false&#8220; animation=&#8220;off&#8220; link_option_url=&#8220;@ET-DC@eyJkeW5hbWljIjp0cnVlLCJjb250ZW50IjoicG9zdF9saW5rX3VybF9wYWdlIiwic2V0dGluZ3MiOnsicG9zdF9pZCI6IjYyNDgifX0=@&#8220; header_font_size_tablet=&#8220;17px&#8220; header_font_size_phone=&#8220;16px&#8220; header_font_size_last_edited=&#8220;on|phone&#8220; body_font_size_tablet=&#8220;&#8220; body_font_size_phone=&#8220;13px&#8220; body_font_size_last_edited=&#8220;on|phone&#8220; locked=&#8220;off&#8220; global_colors_info=&#8220;{}&#8220;][\/et_pb_blurb][et_pb_blurb title=&#8220;Exklusiv in ganz MV!&#8220; content_max_width=&#8220;100%&#8220; _builder_version=&#8220;4.17.3&#8243; _module_preset=&#8220;a1d2ae3f-62db-4b8f-9b67-ae0b67fabd38&#8243; header_font=&#8220;Merriweather||||||||&#8220; header_text_color=&#8220;#FFFFFF&#8220; header_line_height=&#8220;1.4em&#8220; body_text_color=&#8220;#FFFFFF&#8220; body_line_height=&#8220;2em&#8220; text_orientation=&#8220;center&#8220; custom_margin=&#8220;35px||||false|false&#8220; animation=&#8220;off&#8220; header_font_size_tablet=&#8220;17px&#8220; header_font_size_phone=&#8220;16px&#8220; header_font_size_last_edited=&#8220;on|phone&#8220; body_font_size_tablet=&#8220;&#8220; body_font_size_phone=&#8220;13px&#8220; body_font_size_last_edited=&#8220;on|phone&#8220; locked=&#8220;off&#8220; global_colors_info=&#8220;{}&#8220;][\/et_pb_blurb][\/et_pb_column][\/et_pb_section][et_pb_section fb_built=&#8220;1&#8243; _builder_version=&#8220;4.27.4&#8243; _module_preset=&#8220;default&#8220; global_colors_info=&#8220;{}&#8220;][\/et_pb_section][et_pb_section fb_built=&#8220;1&#8243; _builder_version=&#8220;4.27.4&#8243; _module_preset=&#8220;default&#8220; min_height=&#8220;936.1px&#8220; custom_margin=&#8220;7px||-60px||false|false&#8220; custom_padding=&#8220;130px|||||&#8220; global_colors_info=&#8220;{}&#8220;][et_pb_row _builder_version=&#8220;4.24.0&#8243; _module_preset=&#8220;default&#8220; global_colors_info=&#8220;{}&#8220;][et_pb_column type=&#8220;4_4&#8243; _builder_version=&#8220;4.24.0&#8243; _module_preset=&#8220;default&#8220; global_colors_info=&#8220;{}&#8220;][et_pb_text _builder_version=&#8220;4.27.5&#8243; _module_preset=&#8220;32021f09-dd67-47fb-8f9a-832b72a38baf&#8220; header_2_font=&#8220;Playfair Display|700|||||||&#8220; header_2_text_color=&#8220;gcid-c9411f34-b37e-4feb-a841-9533663e2403&#8243; header_2_font_size=&#8220;60px&#8220; header_2_line_height=&#8220;1.1em&#8220; min_height_tablet=&#8220;&#8220; min_height_phone=&#8220;&#8220; min_height_last_edited=&#8220;on|phone&#8220; custom_margin=&#8220;||10px||false|false&#8220; custom_margin_tablet=&#8220;||-10px||false|false&#8220; custom_margin_phone=&#8220;10px||-30px||false|false&#8220; custom_margin_last_edited=&#8220;on|desktop&#8220; animation_style=&#8220;slide&#8220; animation_direction=&#8220;left&#8220; header_2_font_size_tablet=&#8220;35px&#8220; header_2_font_size_phone=&#8220;27px&#8220; header_2_font_size_last_edited=&#8220;on|phone&#8220; locked=&#8220;off&#8220; global_colors_info=&#8220;{}&#8220;]<\/p>\n<h2>MV-Rad &#8211; vielbesuchter Austeller auf der gr\u00fcnen Woche 2026<\/h2>\n<p>[\/et_pb_text][et_pb_heading title=&#8220;\u00c4u\u00dferst erfolgreich und gro\u00dfe politische Wahrnehmung bei der Jubil\u00e4umsmesse in der Mecklenburg-Vorpommern-Halle &#8220; _builder_version=&#8220;4.27.5&#8243; _module_preset=&#8220;default&#8220; min_height_tablet=&#8220;&#8220; min_height_phone=&#8220;&#8220; min_height_last_edited=&#8220;on|phone&#8220; custom_margin=&#8220;25px||||false|false&#8220; animation_style=&#8220;slide&#8220; global_colors_info=&#8220;{}&#8220;][\/et_pb_heading][\/et_pb_column][\/et_pb_row][et_pb_row _builder_version=&#8220;4.27.4&#8243; _module_preset=&#8220;default&#8220; global_colors_info=&#8220;{}&#8220;][et_pb_column type=&#8220;4_4&#8243; _builder_version=&#8220;4.27.4&#8243; _module_preset=&#8220;default&#8220; global_colors_info=&#8220;{}&#8220;][et_pb_image src=&#8220;https:\/\/mv-rad.de\/wp-content\/uploads\/2026\/02\/Gruene_Woche_Header.png&#8220; title_text=&#8220;Gruene_Woche_Header&#8220; align=&#8220;center&#8220; _builder_version=&#8220;4.27.5&#8243; _module_preset=&#8220;default&#8220; animation_style=&#8220;zoom&#8220; global_colors_info=&#8220;{}&#8220;][\/et_pb_image][et_pb_image src=&#8220;https:\/\/mv-rad.de\/wp-content\/uploads\/2026\/02\/GW26-Manuela-Schwesig-02f-scaled.jpeg&#8220; title_text=&#8220;GW26 Manuela Schwesig 02f&#8220; _builder_version=&#8220;4.27.5&#8243; _module_preset=&#8220;default&#8220; global_colors_info=&#8220;{}&#8220;][\/et_pb_image][et_pb_text _builder_version=&#8220;4.27.5&#8243; _module_preset=&#8220;default&#8220; animation_style=&#8220;slide&#8220; global_colors_info=&#8220;{}&#8220;]<\/p>\n<p>Die Ministerpr\u00e4sidentin des Landes Mecklenburg-Vorpommern Manuela Schwesig im Gespr\u00e4ch mit Axel Bellinger, Gesch\u00e4ftsf\u00fchrer von MV-Rad. Au\u00dferdem am Stand pr\u00e4sent Michael Sack, der Landrat des Landkreises Vorpommern-Greifswald.<\/p>\n<p>[\/et_pb_text][\/et_pb_column][\/et_pb_row][et_pb_row column_structure=&#8220;1_2,1_2&#8243; _builder_version=&#8220;4.27.5&#8243; _module_preset=&#8220;default&#8220; custom_margin=&#8220;||-55px||false|false&#8220; custom_margin_tablet=&#8220;||-20px||false|false&#8220; custom_margin_phone=&#8220;||-25px||false|false&#8220; custom_margin_last_edited=&#8220;on|phone&#8220; custom_padding=&#8220;||0px||false|false&#8220; global_colors_info=&#8220;{}&#8220;][et_pb_column type=&#8220;1_2&#8243; disabled_on=&#8220;off|on|off&#8220; _builder_version=&#8220;4.21.0&#8243; _module_preset=&#8220;default&#8220; global_colors_info=&#8220;{}&#8220;][et_pb_image src=&#8220;https:\/\/mv-rad.de\/wp-content\/uploads\/2026\/02\/GW26-Roadrunner-Stand-mit-Patrick-Dahlemann-LR-Kerth-01j-scaled.jpeg&#8220; title_text=&#8220;GW26 Roadrunner Stand mit Patrick Dahlemann LR Kerth 01j&#8220; _builder_version=&#8220;4.27.5&#8243; _module_preset=&#8220;default&#8220; global_colors_info=&#8220;{}&#8220;][\/et_pb_image][et_pb_text _builder_version=&#8220;4.27.5&#8243; _module_preset=&#8220;default&#8220; custom_margin=&#8220;-20px||||false|false&#8220; animation_style=&#8220;slide&#8220; global_colors_info=&#8220;{}&#8220;]<\/p>\n<p>Der Chef der Staatskanzlei Patrick Dahlemann und der Landrat des Landkreises Vorpommern-R\u00fcgen Stefan Kerth aktiv auf den auf dem Ausstellungsstand pr\u00e4sentierten MV-Rad Road Runnern. Die Road Runner waren hei\u00df begehrt.<\/p>\n<p>[\/et_pb_text][\/et_pb_column][et_pb_column type=&#8220;1_2&#8243; _builder_version=&#8220;4.27.4&#8243; _module_preset=&#8220;default&#8220; global_colors_info=&#8220;{}&#8220;][et_pb_image src=&#8220;https:\/\/mv-rad.de\/wp-content\/uploads\/2026\/02\/GW26-MV-Rad-Stand-mit-Sparkasse-01f-scaled.jpeg&#8220; title_text=&#8220;GW26 MV-Rad Stand mit Sparkasse 01f&#8220; align=&#8220;right&#8220; force_fullwidth=&#8220;on&#8220; _builder_version=&#8220;4.27.5&#8243; _module_preset=&#8220;default&#8220; global_colors_info=&#8220;{}&#8220;][\/et_pb_image][et_pb_text _builder_version=&#8220;4.27.5&#8243; _module_preset=&#8220;default&#8220; custom_margin=&#8220;-20px||||false|false&#8220; animation_style=&#8220;slide&#8220; global_colors_info=&#8220;{}&#8220;]<\/p>\n<p>Auch der MV-Rad Premiumpartner SEETEL-HOTELS wurde stark wahrgenommen. Die Insel Usedom war der Startpunkt des erfolgreichen Fahrrad-Verleihsystems, das jetzt mit Angeboten auch im ganzen Land Mecklenburg-Vorpommern verf\u00fcgbar ist.<\/p>\n<p>[\/et_pb_text][\/et_pb_column][\/et_pb_row][et_pb_row _builder_version=&#8220;4.27.5&#8243; _module_preset=&#8220;default&#8220; custom_margin=&#8220;69px|auto||auto||&#8220; global_colors_info=&#8220;{}&#8220;][et_pb_column type=&#8220;4_4&#8243; _builder_version=&#8220;4.27.5&#8243; _module_preset=&#8220;default&#8220; global_colors_info=&#8220;{}&#8220;][et_pb_button button_url=&#8220;@ET-DC@eyJkeW5hbWljIjp0cnVlLCJjb250ZW50IjoicG9zdF9saW5rX3VybF9wYWdlIiwic2V0dGluZ3MiOnsicG9zdF9pZCI6Ijk2NTAifX0=@&#8220; button_text=&#8220;Hier geht es zu Impressionen von der Gr\u00fcnen Woche 2026&#8243; button_alignment=&#8220;center&#8220; _builder_version=&#8220;4.27.5&#8243; _dynamic_attributes=&#8220;button_url&#8220; _module_preset=&#8220;default&#8220; custom_margin=&#8220;20px||||false|false&#8220; global_colors_info=&#8220;{}&#8220;][\/et_pb_button][\/et_pb_column][\/et_pb_row][\/et_pb_section][et_pb_section fb_built=&#8220;1&#8243; _builder_version=&#8220;4.27.5&#8243; _module_preset=&#8220;default&#8220; min_height=&#8220;86.8px&#8220; custom_padding=&#8220;||0px|||&#8220; global_colors_info=&#8220;{}&#8220;][et_pb_row _builder_version=&#8220;4.27.5&#8243; _module_preset=&#8220;default&#8220; custom_padding=&#8220;0px||0px|||&#8220; global_colors_info=&#8220;{}&#8220;][et_pb_column type=&#8220;4_4&#8243; _builder_version=&#8220;4.27.5&#8243; _module_preset=&#8220;default&#8220; global_colors_info=&#8220;{}&#8220;][et_pb_divider _builder_version=&#8220;4.27.5&#8243; _module_preset=&#8220;default&#8220; global_colors_info=&#8220;{}&#8220;][\/et_pb_divider][\/et_pb_column][\/et_pb_row][\/et_pb_section][et_pb_section fb_built=&#8220;1&#8243; _builder_version=&#8220;4.27.5&#8243; _module_preset=&#8220;default&#8220; min_height=&#8220;969.1px&#8220; custom_margin=&#8220;7px||||false|false&#8220; custom_padding=&#8220;10px|||||&#8220; global_colors_info=&#8220;{}&#8220;][et_pb_row _builder_version=&#8220;4.24.0&#8243; _module_preset=&#8220;default&#8220; global_colors_info=&#8220;{}&#8220;][et_pb_column type=&#8220;4_4&#8243; _builder_version=&#8220;4.24.0&#8243; _module_preset=&#8220;default&#8220; global_colors_info=&#8220;{}&#8220;][et_pb_text _builder_version=&#8220;4.27.4&#8243; _module_preset=&#8220;32021f09-dd67-47fb-8f9a-832b72a38baf&#8220; header_2_font=&#8220;Playfair Display|700|||||||&#8220; header_2_text_color=&#8220;gcid-c9411f34-b37e-4feb-a841-9533663e2403&#8243; header_2_font_size=&#8220;60px&#8220; header_2_line_height=&#8220;1.1em&#8220; min_height_tablet=&#8220;&#8220; min_height_phone=&#8220;&#8220; min_height_last_edited=&#8220;on|phone&#8220; custom_margin=&#8220;||10px||false|false&#8220; custom_margin_tablet=&#8220;||-10px||false|false&#8220; custom_margin_phone=&#8220;10px||-30px||false|false&#8220; custom_margin_last_edited=&#8220;on|desktop&#8220; animation_style=&#8220;slide&#8220; animation_direction=&#8220;left&#8220; header_2_font_size_tablet=&#8220;35px&#8220; header_2_font_size_phone=&#8220;27px&#8220; header_2_font_size_last_edited=&#8220;on|phone&#8220; locked=&#8220;off&#8220; global_colors_info=&#8220;{}&#8220;]<\/p>\n<h2>Moderne Technik und Infrastruktur<\/h2>\n<p>[\/et_pb_text][et_pb_heading title=&#8220;Erneuerung der gesamten IT dank erhaltener F\u00f6rderung&#8220; _builder_version=&#8220;4.27.4&#8243; _module_preset=&#8220;default&#8220; min_height_tablet=&#8220;&#8220; min_height_phone=&#8220;&#8220; min_height_last_edited=&#8220;on|phone&#8220; custom_margin=&#8220;25px||||false|false&#8220; global_colors_info=&#8220;{}&#8220;][\/et_pb_heading][\/et_pb_column][\/et_pb_row][et_pb_row _builder_version=&#8220;4.27.4&#8243; _module_preset=&#8220;default&#8220; global_colors_info=&#8220;{}&#8220;][et_pb_column type=&#8220;4_4&#8243; _builder_version=&#8220;4.27.4&#8243; _module_preset=&#8220;default&#8220; global_colors_info=&#8220;{}&#8220;][et_pb_image src=&#8220;https:\/\/mv-rad.de\/wp-content\/uploads\/2025\/01\/06_Vorp_Fond_Foerderlogo_Vollfarbig_2024.png&#8220; title_text=&#8220;06_Vorp_Fond_Foerderlogo_Vollfarbig_2024&#8243; align=&#8220;center&#8220; _builder_version=&#8220;4.27.4&#8243; _module_preset=&#8220;default&#8220; global_colors_info=&#8220;{}&#8220;][\/et_pb_image][\/et_pb_column][\/et_pb_row][et_pb_row column_structure=&#8220;1_4,1_2,1_4&#8243; _builder_version=&#8220;4.27.4&#8243; _module_preset=&#8220;default&#8220; custom_margin=&#8220;||-55px||false|false&#8220; custom_margin_tablet=&#8220;||-20px||false|false&#8220; custom_margin_phone=&#8220;||-25px||false|false&#8220; custom_margin_last_edited=&#8220;on|phone&#8220; custom_padding=&#8220;||0px||false|false&#8220; global_colors_info=&#8220;{}&#8220;][et_pb_column type=&#8220;1_4&#8243; disabled_on=&#8220;off|on|off&#8220; _builder_version=&#8220;4.21.0&#8243; _module_preset=&#8220;default&#8220; global_colors_info=&#8220;{}&#8220;][et_pb_image src=&#8220;https:\/\/mv-rad.de\/wp-content\/uploads\/2025\/01\/02-Gruene-Woche-Besuch-Staatssekretaer-Mirass-rotated.jpg&#8220; title_text=&#8220;02 Gr\u00fcne Woche Besuch Staatssekret\u00e4r Mira\u00df&#8220; _builder_version=&#8220;4.27.4&#8243; _module_preset=&#8220;default&#8220; global_colors_info=&#8220;{}&#8220;][\/et_pb_image][et_pb_text _builder_version=&#8220;4.27.4&#8243; _module_preset=&#8220;default&#8220; custom_margin=&#8220;-20px||||false|false&#8220; global_colors_info=&#8220;{}&#8220;]<\/p>\n<p>Der Parlamentarische Staatssekret\u00e4r f\u00fcr Vorpommern und das \u00f6stliche Mecklenburg Heiko Mira\u00df auf dem MV-Rad Ausstellungsstand bei der gr\u00fcnen Woche im Januar 2025 in Berlin<\/p>\n<p>[\/et_pb_text][\/et_pb_column][et_pb_column type=&#8220;1_2&#8243; _builder_version=&#8220;4.16&#8243; _module_preset=&#8220;default&#8220; global_colors_info=&#8220;{}&#8220;][et_pb_text content_tablet=&#8220;<\/p>\n<p style=%22text-align: justify;%22>Gew\u00e4hrung einer Zuwendung des Landes Mecklenburg-Vorpommern zur F\u00f6rderung der wirtschaftlichen, sozialen und kulturellen Entwicklung, des gesellschaftlichen Zusammenhalts und der regionalen Identit\u00e4t im Landesteil Vorpommern und dem \u00f6stlichen Mecklenburg gem\u00e4\u00df den F\u00f6rdergrunds\u00e4tzen des<\/p>\n<p><span style=%22text-decoration: underline;%22>Fonds f\u00fcr Vorpommern und das \u00f6stliche Mecklenburg<\/span><\/p>\n<p>Aktenzeichen:  VF-23-0170<br \/>\nVorhaben:   Modernisierung Kommunikationsmittel Servicedienstleistung<br \/>\nZuwendungsbescheid: 07.11.2024&#8243; content_phone=&#8220;<\/p>\n<p style=%22text-align: justify;%22>Gew\u00e4hrung einer Zuwendung des Landes Mecklenburg-Vorpommern zur F\u00f6rderung der wirtschaftlichen, sozialen und kulturellen Entwicklung, des gesellschaftlichen Zusammenhalts und der regionalen Identit\u00e4t im Landesteil Vorpommern und dem \u00f6stlichen Mecklenburg gem\u00e4\u00df den F\u00f6rdergrunds\u00e4tzen des<\/p>\n<p><span style=%22text-decoration: underline;%22>Fonds f\u00fcr Vorpommern und das \u00f6stliche Mecklenburg<\/span><\/p>\n<p>Aktenzeichen:  VF-23-0170<br \/>\nVorhaben:   Modernisierung Kommunikationsmittel Servicedienstleistung<br \/>\nZuwendungsbescheid: 07.11.2024&#8243; content_last_edited=&#8220;on|tablet&#8220; _builder_version=&#8220;4.27.4&#8243; _module_preset=&#8220;aec0be99-8a53-4f75-abf2-64f29a8b4cc2&#8243; text_font=&#8220;Merriweather||||||||&#8220; text_text_color=&#8220;#000000&#8243; text_font_size=&#8220;18px&#8220; text_line_height=&#8220;2em&#8220; text_font_size_tablet=&#8220;16px&#8220; text_font_size_phone=&#8220;14px&#8220; text_font_size_last_edited=&#8220;on|phone&#8220; locked=&#8220;off&#8220; global_colors_info=&#8220;{}&#8220;]<\/p>\n<p style=\"text-align: justify;\">Gew\u00e4hrung einer Zuwendung des Landes Mecklenburg-Vorpommern zur F\u00f6rderung der wirtschaftlichen, sozia-len und kulturellen Entwicklung, des gesellschaftlichen Zusammenhalts und der regionalen Identit\u00e4t im Landes-teil Vorpommern und dem \u00f6stlichen Mecklenburg gem\u00e4\u00df den F\u00f6rdergrunds\u00e4tzen des<\/p>\n<p><span style=\"text-decoration: underline;\">Fonds f\u00fcr Vorpommern und das \u00f6stliche Mecklenburg<\/span><\/p>\n<p>Aktenzeichen: \u00a0\u00a0\u00a0\u00a0\u00a0VF-23-0170<br \/>\nVorhaben:\u00a0 \u00a0\u00a0\u00a0\u00a0\u00a0\u00a0\u00a0\u00a0\u00a0\u00a0\u00a0\u00a0Modernisierung Kommunikationsmittel Servicedienstleistung<br \/>\nZuwendungsbescheid: 07.11.2024[\/et_pb_text][\/et_pb_column][et_pb_column type=&#8220;1_4&#8243; _builder_version=&#8220;4.27.4&#8243; _module_preset=&#8220;default&#8220; global_colors_info=&#8220;{}&#8220;][et_pb_image src=&#8220;https:\/\/mv-rad.de\/wp-content\/uploads\/2025\/01\/01-Gruene-Woche-Besuch-von-Patrick-Dahlemann-rotated.jpg&#8220; title_text=&#8220;01 Gr\u00fcne Woche Besuch von Patrick Dahlemann&#8220; align=&#8220;right&#8220; force_fullwidth=&#8220;on&#8220; _builder_version=&#8220;4.27.4&#8243; _module_preset=&#8220;default&#8220; global_colors_info=&#8220;{}&#8220;][\/et_pb_image][et_pb_text _builder_version=&#8220;4.27.4&#8243; _module_preset=&#8220;default&#8220; custom_margin=&#8220;-20px||||false|false&#8220; global_colors_info=&#8220;{}&#8220;]<\/p>\n<p>Der Chef der Staatskanzlei Patrick Dahlemann auf dem MV-Rad Ausstellungsstand bei der gr\u00fcnen Woche im Januar 2025 in Berlin<\/p>\n<p>[\/et_pb_text][\/et_pb_column][\/et_pb_row][\/et_pb_section][et_pb_section fb_built=&#8220;1&#8243; _builder_version=&#8220;4.24.0&#8243; _module_preset=&#8220;default&#8220; background_color=&#8220;#d8d8d8&#8243; custom_margin=&#8220;75px||-2px||false|false&#8220; global_colors_info=&#8220;{}&#8220;][et_pb_row column_structure=&#8220;1_2,1_2&#8243; _builder_version=&#8220;4.22.1&#8243; _module_preset=&#8220;default&#8220; custom_margin=&#8220;||-55px||false|false&#8220; custom_margin_tablet=&#8220;||-20px||false|false&#8220; custom_margin_phone=&#8220;||-25px||false|false&#8220; custom_margin_last_edited=&#8220;on|phone&#8220; custom_padding=&#8220;||0px||false|false&#8220; global_colors_info=&#8220;{}&#8220;][et_pb_column type=&#8220;1_2&#8243; _builder_version=&#8220;4.16&#8243; _module_preset=&#8220;default&#8220; global_colors_info=&#8220;{}&#8220;][et_pb_text _builder_version=&#8220;4.21.0&#8243; _module_preset=&#8220;32021f09-dd67-47fb-8f9a-832b72a38baf&#8220; header_2_font=&#8220;Playfair Display|700|||||||&#8220; header_2_text_color=&#8220;#000000&#8243; header_2_font_size=&#8220;60px&#8220; header_2_line_height=&#8220;1.1em&#8220; max_width=&#8220;500px&#8220; custom_margin=&#8220;||10px||false|false&#8220; custom_margin_tablet=&#8220;45px||10px||false|false&#8220; custom_margin_phone=&#8220;60px||10px||false|false&#8220; custom_margin_last_edited=&#8220;on|phone&#8220; animation_style=&#8220;slide&#8220; animation_direction=&#8220;left&#8220; header_2_font_size_tablet=&#8220;35px&#8220; header_2_font_size_phone=&#8220;27px&#8220; header_2_font_size_last_edited=&#8220;on|phone&#8220; locked=&#8220;off&#8220; global_colors_info=&#8220;{}&#8220;]<\/p>\n<h2>24\/7 an allen Stationen<\/h2>\n<p>[\/et_pb_text][et_pb_text _builder_version=&#8220;4.16.1&#8243; _module_preset=&#8220;aec0be99-8a53-4f75-abf2-64f29a8b4cc2&#8243; text_font=&#8220;Merriweather||||||||&#8220; text_text_color=&#8220;#000000&#8243; text_font_size=&#8220;18px&#8220; text_line_height=&#8220;2em&#8220; text_font_size_tablet=&#8220;16px&#8220; text_font_size_phone=&#8220;14px&#8220; text_font_size_last_edited=&#8220;on|phone&#8220; locked=&#8220;off&#8220; global_colors_info=&#8220;{}&#8220;]<\/p>\n<p>\u00dcberall f\u00fcr Sie da.<br \/>24\/7 in der Saison. An einer der \u00fcber<br \/>130 Stationen wartet auch ein Rad auf Sie.<\/p>\n<p>[\/et_pb_text][et_pb_button button_url=&#8220;@ET-DC@eyJkeW5hbWljIjp0cnVlLCJjb250ZW50IjoicG9zdF9saW5rX3VybF9wYWdlIiwic2V0dGluZ3MiOnsicG9zdF9pZCI6IjEyNyJ9fQ==@&#8220; button_text=&#8220;\u00dcber uns&#8220; _builder_version=&#8220;4.16&#8243; _dynamic_attributes=&#8220;button_url&#8220; _module_preset=&#8220;a93bd5f4-85ca-4af8-aab9-5954042d5969&#8243; custom_button=&#8220;on&#8220; button_text_size=&#8220;14px&#8220; button_bg_color=&#8220;#1c4982&#8243; button_border_width=&#8220;0px&#8220; button_border_radius=&#8220;0px&#8220; button_letter_spacing=&#8220;2px&#8220; button_font=&#8220;|700||on|||||&#8220; background_layout=&#8220;dark&#8220; custom_padding=&#8220;14px|35px|14px|35px|true|true&#8220; custom_padding_tablet=&#8220;12px|30px|12px|30px|true|true&#8220; custom_padding_phone=&#8220;10px|20px|10px|20px|true|true&#8220; custom_padding_last_edited=&#8220;on|phone&#8220; button_text_size_tablet=&#8220;13px&#8220; button_text_size_phone=&#8220;12px&#8220; button_text_size_last_edited=&#8220;on|tablet&#8220; locked=&#8220;off&#8220; global_colors_info=&#8220;{}&#8220; button_bg_color__hover=&#8220;#009fe3&#8243; button_bg_color__hover_enabled=&#8220;on|hover&#8220; button_bg_enable_color__hover=&#8220;on&#8220;][\/et_pb_button][\/et_pb_column][et_pb_column type=&#8220;1_2&#8243; disabled_on=&#8220;off|on|off&#8220; _builder_version=&#8220;4.21.0&#8243; _module_preset=&#8220;default&#8220; global_colors_info=&#8220;{}&#8220;][et_pb_slider show_arrows=&#8220;off&#8220; show_pagination=&#8220;off&#8220; show_cta_on_mobile=&#8220;off&#8220; disabled_on=&#8220;off|off|off&#8220; _builder_version=&#8220;4.21.0&#8243; _module_preset=&#8220;default&#8220; background_video_pause_outside_viewport=&#8220;off&#8220; custom_margin=&#8220;-35px||0px||false|false&#8220; custom_padding=&#8220;||0px||false|false&#8220; auto=&#8220;on&#8220; auto_speed=&#8220;5000&#8243; global_colors_info=&#8220;{}&#8220;][et_pb_slide image=&#8220;https:\/\/mv-rad.de\/wp-content\/uploads\/2022\/03\/MV_Rad_NB_26_Zoll_1200x_web.jpg&#8220; _builder_version=&#8220;4.16&#8243; _module_preset=&#8220;default&#8220; background_color=&#8220;RGBA(0,0,0,0)&#8220; background_enable_color=&#8220;on&#8220; global_colors_info=&#8220;{}&#8220; sticky_transition=&#8220;on&#8220;][\/et_pb_slide][\/et_pb_slider][\/et_pb_column][\/et_pb_row][\/et_pb_section][et_pb_section fb_built=&#8220;1&#8243; _builder_version=&#8220;4.27.4&#8243; _module_preset=&#8220;default&#8220; min_height=&#8220;933.8px&#8220; global_colors_info=&#8220;{}&#8220;][et_pb_row _builder_version=&#8220;4.27.4&#8243; _module_preset=&#8220;default&#8220; global_colors_info=&#8220;{}&#8220;][et_pb_column type=&#8220;4_4&#8243; _builder_version=&#8220;4.27.4&#8243; _module_preset=&#8220;default&#8220; global_colors_info=&#8220;{}&#8220;][et_pb_text _builder_version=&#8220;4.27.4&#8243; _module_preset=&#8220;32021f09-dd67-47fb-8f9a-832b72a38baf&#8220; header_2_font=&#8220;Playfair Display|700|||||||&#8220; header_2_text_color=&#8220;gcid-c9411f34-b37e-4feb-a841-9533663e2403&#8243; header_2_font_size=&#8220;60px&#8220; header_2_line_height=&#8220;1.1em&#8220; custom_margin=&#8220;||10px||false|false&#8220; custom_margin_tablet=&#8220;||-10px||false|false&#8220; custom_margin_phone=&#8220;0px||-30px||false|false&#8220; custom_margin_last_edited=&#8220;on|desktop&#8220; animation_style=&#8220;slide&#8220; animation_direction=&#8220;left&#8220; header_2_font_size_tablet=&#8220;35px&#8220; header_2_font_size_phone=&#8220;27px&#8220; header_2_font_size_last_edited=&#8220;on|phone&#8220; locked=&#8220;off&#8220; global_colors_info=&#8220;{}&#8220;]<\/p>\n<h2>Top-News<\/h2>\n<p>&nbsp;<\/p>\n<p>[\/et_pb_text][et_pb_heading title=&#8220;Zahlreiche neue Verleihstationen in der Mecklenburgischen Seenplatte&#8220; _builder_version=&#8220;4.27.4&#8243; _module_preset=&#8220;default&#8220; animation_style=&#8220;slide&#8220; global_colors_info=&#8220;{}&#8220;][\/et_pb_heading][\/et_pb_column][\/et_pb_row][et_pb_row column_structure=&#8220;1_2,1_2&#8243; _builder_version=&#8220;4.27.4&#8243; _module_preset=&#8220;default&#8220; global_colors_info=&#8220;{}&#8220;][et_pb_column type=&#8220;1_2&#8243; _builder_version=&#8220;4.27.4&#8243; _module_preset=&#8220;default&#8220; global_colors_info=&#8220;{}&#8220;][et_pb_image src=&#8220;https:\/\/mv-rad.de\/wp-content\/uploads\/2025\/09\/20250826_133431_Ausschnitt_Web-scaled.jpg&#8220; title_text=&#8220;20250826_133431_Ausschnitt_Web&#8220; _builder_version=&#8220;4.27.4&#8243; _module_preset=&#8220;default&#8220; animation_style=&#8220;slide&#8220; global_colors_info=&#8220;{}&#8220;][\/et_pb_image][et_pb_text _builder_version=&#8220;4.27.4&#8243; _module_preset=&#8220;default&#8220; animation_style=&#8220;slide&#8220; global_colors_info=&#8220;{}&#8220;]<\/p>\n<p>In diesem Sommer sind eine Vielzahl neuer MV-Rad Verleihstationen in der Kleinseenplatte installiert worden (auf dem Foto die Station in Seewalde).<\/p>\n<p>F\u00fcr Urlauber, G\u00e4ste und Einheimische steht somit eine einfache und flexible M\u00f6glichkeit f\u00fcr Touren zur Verf\u00fcgung. Mit der MV-Rad App k\u00f6nnen Sie sofort durchstarten.<\/p>\n<p>[\/et_pb_text][\/et_pb_column][et_pb_column type=&#8220;1_2&#8243; _builder_version=&#8220;4.27.4&#8243; _module_preset=&#8220;default&#8220; global_colors_info=&#8220;{}&#8220;][et_pb_image src=&#8220;https:\/\/mv-rad.de\/wp-content\/uploads\/2025\/09\/Stadthafen-Neustrelitz-Web-scaled.jpg&#8220; title_text=&#8220;Stadthafen-Neustrelitz-Web&#8220; _builder_version=&#8220;4.27.4&#8243; _module_preset=&#8220;default&#8220; animation_style=&#8220;slide&#8220; global_colors_info=&#8220;{}&#8220;][\/et_pb_image][et_pb_text _builder_version=&#8220;4.27.4&#8243; _module_preset=&#8220;default&#8220; animation_style=&#8220;slide&#8220; global_colors_info=&#8220;{}&#8220;]Die Residenzstadt Neustrelitz bekommt im Juni 2026 ein eigenes Stadtrad System auf der MV-Rad Plattform.<\/p>\n<p>Unter <a href=\"http:\/\/stadtrad-neustrelitz.de\" rel=\"nofollow noopener\" target=\"_blank\">StadtRad-Neustrelitz.de<\/a> erhalten Sie dann alle Informationen zu den Standorten, Touren und vieles mehr. So l\u00e4sst sich besispielsweise der M\u00fcritz Nationalpark wunderbar entdecken.[\/et_pb_text][\/et_pb_column][\/et_pb_row][et_pb_row _builder_version=&#8220;4.27.4&#8243; _module_preset=&#8220;default&#8220; global_colors_info=&#8220;{}&#8220;][et_pb_column type=&#8220;4_4&#8243; _builder_version=&#8220;4.27.4&#8243; _module_preset=&#8220;default&#8220; global_colors_info=&#8220;{}&#8220;][et_pb_divider _builder_version=&#8220;4.27.4&#8243; _module_preset=&#8220;default&#8220; global_colors_info=&#8220;{}&#8220;][\/et_pb_divider][\/et_pb_column][\/et_pb_row][et_pb_row _builder_version=&#8220;4.27.4&#8243; _module_preset=&#8220;default&#8220; global_colors_info=&#8220;{}&#8220;][et_pb_column type=&#8220;4_4&#8243; _builder_version=&#8220;4.27.4&#8243; _module_preset=&#8220;default&#8220; global_colors_info=&#8220;{}&#8220;][et_pb_heading title=&#8220;Scooter erweitern zuk\u00fcnftig die Produktpalette von MV-Rad &#8211; alles in einem System!&#8220; _builder_version=&#8220;4.27.4&#8243; _module_preset=&#8220;default&#8220; animation_style=&#8220;slide&#8220; global_colors_info=&#8220;{}&#8220;][\/et_pb_heading][\/et_pb_column][\/et_pb_row][et_pb_row column_structure=&#8220;1_2,1_2&#8243; _builder_version=&#8220;4.27.4&#8243; _module_preset=&#8220;default&#8220; global_colors_info=&#8220;{}&#8220;][et_pb_column type=&#8220;1_2&#8243; _builder_version=&#8220;4.27.4&#8243; _module_preset=&#8220;default&#8220; global_colors_info=&#8220;{}&#8220;][et_pb_image src=&#8220;https:\/\/mv-rad.de\/wp-content\/uploads\/2025\/10\/06-MV-Scooter_Logo-final-30.10.2025.png&#8220; title_text=&#8220;06 MV-Scooter_Logo final 30.10.2025&#8243; _builder_version=&#8220;4.27.4&#8243; _module_preset=&#8220;default&#8220; animation_style=&#8220;slide&#8220; global_colors_info=&#8220;{}&#8220;][\/et_pb_image][\/et_pb_column][et_pb_column type=&#8220;1_2&#8243; _builder_version=&#8220;4.27.4&#8243; _module_preset=&#8220;default&#8220; global_colors_info=&#8220;{}&#8220;][et_pb_image src=&#8220;https:\/\/mv-rad.de\/wp-content\/uploads\/2025\/10\/MV-Rad-Scooter-Segway-NineBot.png&#8220; title_text=&#8220;MV-Rad Scooter Segway NineBot&#8220; _builder_version=&#8220;4.27.4&#8243; _module_preset=&#8220;default&#8220; animation_style=&#8220;slide&#8220; global_colors_info=&#8220;{}&#8220;][\/et_pb_image][et_pb_text _builder_version=&#8220;4.27.4&#8243; _module_preset=&#8220;default&#8220; animation_style=&#8220;slide&#8220; global_colors_info=&#8220;{}&#8220;]Unter <a href=\"http:\/\/mv-scooter.de\" rel=\"nofollow noopener\" target=\"_blank\">MV-Scooter.de<\/a> erhalten Sie dann alle Informationen zum Starttermin, die ersten Standorte und vielem mehr.[\/et_pb_text][\/et_pb_column][\/et_pb_row][et_pb_row _builder_version=&#8220;4.27.4&#8243; _module_preset=&#8220;default&#8220; global_colors_info=&#8220;{}&#8220;][et_pb_column type=&#8220;4_4&#8243; _builder_version=&#8220;4.27.4&#8243; _module_preset=&#8220;default&#8220; global_colors_info=&#8220;{}&#8220;][et_pb_divider _builder_version=&#8220;4.27.4&#8243; _module_preset=&#8220;default&#8220; global_colors_info=&#8220;{}&#8220;][\/et_pb_divider][\/et_pb_column][\/et_pb_row][\/et_pb_section][et_pb_section fb_built=&#8220;1&#8243; _builder_version=&#8220;4.24.0&#8243; _module_preset=&#8220;default&#8220; custom_margin=&#8220;-50px||||false|false&#8220; custom_margin_tablet=&#8220;-30px||||false|false&#8220; custom_margin_phone=&#8220;-90px||-15px||false|false&#8220; custom_margin_last_edited=&#8220;on|tablet&#8220; custom_padding=&#8220;6px|||||&#8220; global_colors_info=&#8220;{}&#8220;][et_pb_row _builder_version=&#8220;4.22.1&#8243; _module_preset=&#8220;default&#8220; custom_margin=&#8220;-40px||||false|false&#8220; custom_margin_tablet=&#8220;||||false|false&#8220; custom_margin_phone=&#8220;15px||||false|false&#8220; custom_margin_last_edited=&#8220;on|tablet&#8220; global_colors_info=&#8220;{}&#8220;][et_pb_column type=&#8220;4_4&#8243; _builder_version=&#8220;4.21.0&#8243; _module_preset=&#8220;default&#8220; global_colors_info=&#8220;{}&#8220;][et_pb_text _builder_version=&#8220;4.22.1&#8243; _module_preset=&#8220;32021f09-dd67-47fb-8f9a-832b72a38baf&#8220; header_2_font=&#8220;Playfair Display|700|||||||&#8220; header_2_text_color=&#8220;gcid-c9411f34-b37e-4feb-a841-9533663e2403&#8243; header_2_font_size=&#8220;60px&#8220; header_2_line_height=&#8220;1.1em&#8220; custom_margin=&#8220;||10px||false|false&#8220; custom_margin_tablet=&#8220;||-10px||false|false&#8220; custom_margin_phone=&#8220;0px||-30px||false|false&#8220; custom_margin_last_edited=&#8220;on|desktop&#8220; animation_style=&#8220;slide&#8220; animation_direction=&#8220;left&#8220; header_2_font_size_tablet=&#8220;35px&#8220; header_2_font_size_phone=&#8220;27px&#8220; header_2_font_size_last_edited=&#8220;on|phone&#8220; locked=&#8220;off&#8220; global_colors_info=&#8220;{}&#8220;]<\/p>\n<h2>Aktuelles Projekt<\/h2>\n<p>&nbsp;<\/p>\n<p>[\/et_pb_text][et_pb_text _builder_version=&#8220;4.24.0&#8243; _module_preset=&#8220;32021f09-dd67-47fb-8f9a-832b72a38baf&#8220; header_2_font=&#8220;Playfair Display|700|||||||&#8220; header_2_text_color=&#8220;gcid-c9411f34-b37e-4feb-a841-9533663e2403&#8243; header_2_font_size=&#8220;60px&#8220; header_2_line_height=&#8220;1.1em&#8220; custom_margin=&#8220;||10px||false|false&#8220; custom_margin_tablet=&#8220;||-10px||false|false&#8220; custom_margin_phone=&#8220;0px||-30px||false|false&#8220; custom_margin_last_edited=&#8220;on|desktop&#8220; animation_style=&#8220;slide&#8220; animation_direction=&#8220;left&#8220; header_2_font_size_tablet=&#8220;35px&#8220; header_2_font_size_phone=&#8220;27px&#8220; header_2_font_size_last_edited=&#8220;on|phone&#8220; locked=&#8220;off&#8220; global_colors_info=&#8220;{}&#8220;][\/et_pb_text][et_pb_text _builder_version=&#8220;4.21.0&#8243; _module_preset=&#8220;3a5fa9a7-7987-4564-89a5-37b87a5b6ad8&#8243; text_font=&#8220;||||||||&#8220; text_text_color=&#8220;#004a80&#8243; header_font=&#8220;||||||||&#8220; header_2_text_color=&#8220;#1c4982&#8243; header_2_font_size=&#8220;20px&#8220; header_3_font=&#8220;Playfair Display|700|||||||&#8220; header_3_font_size=&#8220;25px&#8220; header_3_line_height=&#8220;1.6em&#8220; text_orientation=&#8220;center&#8220; background_layout=&#8220;dark&#8220; custom_margin=&#8220;0px||7px||false|false&#8220; custom_margin_tablet=&#8220;&#8220; custom_margin_phone=&#8220;0px||-10px||false|false&#8220; custom_margin_last_edited=&#8220;on|phone&#8220; custom_padding=&#8220;0px||||false|false&#8220; header_2_font_size_tablet=&#8220;&#8220; header_2_font_size_phone=&#8220;21px&#8220; header_2_font_size_last_edited=&#8220;on|phone&#8220; header_2_line_height_tablet=&#8220;1.2em&#8220; header_2_line_height_phone=&#8220;1.4em&#8220; header_2_line_height_last_edited=&#8220;on|tablet&#8220; header_3_font_size_tablet=&#8220;20px&#8220; header_3_font_size_phone=&#8220;16px&#8220; header_3_font_size_last_edited=&#8220;on|desktop&#8220; global_colors_info=&#8220;{}&#8220;]<\/p>\n<h2><strong>&#8211; Klimaschutz durch Radverkehr &#8211;<\/strong><\/h2>\n<p>[\/et_pb_text][et_pb_button button_url=&#8220;http:\/\/www.klimaschutz.de\/de\/projekte\/pedelec-und-e-cargo-verleihsystem-usedom&#8220; url_new_window=&#8220;on&#8220; button_text=&#8220;Projektinfo Pedelec- und E-Cargo-Verleihsystem Usedom&#8220; button_alignment=&#8220;center&#8220; _builder_version=&#8220;4.21.0&#8243; _module_preset=&#8220;a93bd5f4-85ca-4af8-aab9-5954042d5969&#8243; custom_button=&#8220;on&#8220; button_text_size=&#8220;14px&#8220; button_bg_color=&#8220;#94c120&#8243; button_border_width=&#8220;0px&#8220; button_border_color=&#8220;RGBA(0,0,0,0)&#8220; button_border_radius=&#8220;0px&#8220; button_letter_spacing=&#8220;2px&#8220; button_font=&#8220;|700||on|||||&#8220; background_layout=&#8220;dark&#8220; custom_margin=&#8220;||||false|false&#8220; custom_margin_tablet=&#8220;||||false|false&#8220; custom_margin_phone=&#8220;15px||||false|false&#8220; custom_margin_last_edited=&#8220;on|phone&#8220; custom_padding=&#8220;14px|35px|14px|35px|true|true&#8220; custom_padding_tablet=&#8220;12px|30px|12px|30px|true|true&#8220; custom_padding_phone=&#8220;10px|20px|10px|20px|true|true&#8220; custom_padding_last_edited=&#8220;on|phone&#8220; animation_style=&#8220;slide&#8220; animation_delay=&#8220;1100ms&#8220; button_text_size_tablet=&#8220;13px&#8220; button_text_size_phone=&#8220;12px&#8220; button_text_size_last_edited=&#8220;on|tablet&#8220; locked=&#8220;off&#8220; global_colors_info=&#8220;{}&#8220; button_bg_color__hover=&#8220;#009fe3&#8243; button_bg_color__hover_enabled=&#8220;on|desktop&#8220; button_bg_enable_color__hover=&#8220;on&#8220;][\/et_pb_button][\/et_pb_column][\/et_pb_row][\/et_pb_section][et_pb_section fb_built=&#8220;1&#8243; fullwidth=&#8220;on&#8220; _builder_version=&#8220;4.20.2&#8243; _module_preset=&#8220;default&#8220; background_color=&#8220;#FFFFFF&#8220; custom_margin_tablet=&#8220;&#8220; custom_margin_phone=&#8220;||0px||false|false&#8220; custom_margin_last_edited=&#8220;on|phone&#8220; global_colors_info=&#8220;{}&#8220;][et_pb_fullwidth_slider _builder_version=&#8220;4.22.1&#8243; _module_preset=&#8220;default&#8220; background_color=&#8220;#EDF000&#8243; custom_button=&#8220;on&#8220; button_text_size=&#8220;15px&#8220; button_text_color=&#8220;#ffffff&#8220; button_bg_color=&#8220;#1c4982&#8243; button_border_width=&#8220;0px&#8220; button_border_color=&#8220;RGBA(255,255,255,0)&#8220; button_letter_spacing=&#8220;2px&#8220; button_font=&#8220;|700||on|||||&#8220; button_alignment=&#8220;right&#8220; min_height=&#8220;572.2px&#8220; custom_margin=&#8220;2px|||||&#8220; custom_padding=&#8220;0px||1px|||&#8220; auto=&#8220;on&#8220; auto_speed=&#8220;6000&#8243; hover_transition_delay=&#8220;50ms&#8220; global_colors_info=&#8220;{}&#8220;][et_pb_slide heading=&#8220;Feierliche Stationser\u00f6ffnung&#8220; button_text=&#8220;Mehr Bilder&#8220; button_link=&#8220;https:\/\/pedelec-power-usedom.de\/bildergalerie#stationseroeffnung&#8220; url_new_window=&#8220;on&#8220; image=&#8220;https:\/\/mv-rad.de\/wp-content\/uploads\/2023\/10\/DSC03166_1920x1080.jpg&#8220; _builder_version=&#8220;4.22.1&#8243; _module_preset=&#8220;default&#8220; header_level=&#8220;h2&#8243; header_font=&#8220;Merriweather||||||||&#8220; header_text_color=&#8220;#1c4982&#8243; header_font_size=&#8220;40px&#8220; header_line_height=&#8220;1.2em&#8220; body_text_color=&#8220;#1c4982&#8243; background_color=&#8220;#94c120&#8243; background_enable_color=&#8220;on&#8220; width=&#8220;90%&#8220; max_width=&#8220;90%&#8220; custom_padding=&#8220;||0px||false|false&#8220; header_font_tablet=&#8220;Merriweather||||||||&#8220; header_font_phone=&#8220;Merriweather||||||||&#8220; header_font_last_edited=&#8220;on|tablet&#8220; header_font_size_tablet=&#8220;33px&#8220; header_font_size_phone=&#8220;25px&#8220; header_font_size_last_edited=&#8220;on|phone&#8220; border_color_all_image=&#8220;#FFFFFF&#8220; global_colors_info=&#8220;{}&#8220; sticky_transition=&#8220;on&#8220;]<\/p>\n<p>Am 25.10.2023 fand die Stationser\u00f6ffnung &#8222;Abzweig Lieper Winkel&#8220; des Projekts Pedelec Power Usedom statt. Mit dabei: Reinhard Meyer (Minister f\u00fcr Wirtschaft, Infrastruktur, Tourismus und Arbeit des Landes Mecklenburg-Vorpommern).<br \/>Die Veranstaltung war ein voller Erfolg!<\/p>\n<p>[\/et_pb_slide][et_pb_slide heading=&#8220;Pedelec Power Usedom und E-Cargo Power Usedom&#8220; button_text=&#8220;Zur Website&#8220; button_link=&#8220;https:\/\/pedelec-power-usedom.de\/&#8220; url_new_window=&#8220;on&#8220; image=&#8220;https:\/\/mv-rad.de\/wp-content\/uploads\/2023\/04\/pedelec_power_usedom_uebersicht_stelen_mit_logos_v2_1000x.png&#8220; _builder_version=&#8220;4.22.1&#8243; _module_preset=&#8220;default&#8220; header_level=&#8220;h2&#8243; header_font=&#8220;Merriweather||||||||&#8220; header_text_color=&#8220;#1c4982&#8243; header_font_size=&#8220;40px&#8220; header_line_height=&#8220;1.2em&#8220; body_text_color=&#8220;#1c4982&#8243; background_color=&#8220;#c1c1c1&#8243; background_enable_color=&#8220;on&#8220; width=&#8220;90%&#8220; max_width=&#8220;90%&#8220; custom_padding=&#8220;||0px||false|false&#8220; header_font_tablet=&#8220;Merriweather||||||||&#8220; header_font_phone=&#8220;Merriweather||||||||&#8220; header_font_last_edited=&#8220;on|tablet&#8220; header_font_size_tablet=&#8220;33px&#8220; header_font_size_phone=&#8220;25px&#8220; header_font_size_last_edited=&#8220;on|phone&#8220; border_color_all_image=&#8220;#FFFFFF&#8220; global_colors_info=&#8220;{}&#8220; sticky_transition=&#8220;on&#8220;]<\/p>\n<p>Richtungsweisendes F\u00f6rderprojekt des Bundes, den Klimaschutzgedanken mit einem neuen Mobilit\u00e4tsangebot von MV-Rad zu unterst\u00fctzen.<\/p>\n<p>Laufzeitl\u00e4nge: 01.04.2021 bis 30.06.2024<br \/>F\u00f6rderkennzeichen: 67KSE0072<\/p>\n<p>[\/et_pb_slide][et_pb_slide heading=&#8220;Inbetriebnahme von Stadtrad Greifswald&#8220; button_text=&#8220;Zur Website&#8220; image=&#8220;https:\/\/mv-rad.de\/wp-content\/uploads\/2021\/12\/Logo-StadtRad-Greifswald.png&#8220; _builder_version=&#8220;4.22.1&#8243; _module_preset=&#8220;default&#8220; header_level=&#8220;h2&#8243; header_font=&#8220;Merriweather||||||||&#8220; header_font_size=&#8220;40px&#8220; header_line_height=&#8220;1.2em&#8220; background_color=&#8220;#E02B20&#8243; background_enable_color=&#8220;on&#8220; width=&#8220;90%&#8220; max_width=&#8220;90%&#8220; header_font_size_tablet=&#8220;&#8220; header_font_size_phone=&#8220;25px&#8220; header_font_size_last_edited=&#8220;on|phone&#8220; global_colors_info=&#8220;{}&#8220; sticky_transition=&#8220;on&#8220;]<\/p>\n<p>Die feierliche Er\u00f6ffnung von &#8222;StadtRad-Greifswald&#8220; fand am Montag, den 11.04.2022 statt. StadtRad Greifswald l\u00e4uft im System MV-Rad. Eine eigens angepasste App wird f\u00fcr das Ausleihen verwendet.<\/p>\n<p>[\/et_pb_slide][et_pb_slide heading=&#8220;Jugendherbergen mit MV-Rad Station&#8220; button_text=&#8220;Mehr Informationen&#8220; button_link=&#8220;@ET-DC@eyJkeW5hbWljIjp0cnVlLCJjb250ZW50IjoicG9zdF9saW5rX3VybF9wYWdlIiwic2V0dGluZ3MiOnsicG9zdF9pZCI6IjQ4MzcifX0=@&#8220; image=&#8220;https:\/\/mv-rad.de\/wp-content\/uploads\/2021\/12\/header_logo_djh_quer_1920x.jpg&#8220; _builder_version=&#8220;4.22.1&#8243; _dynamic_attributes=&#8220;button_link&#8220; _module_preset=&#8220;default&#8220; header_level=&#8220;h2&#8243; header_font=&#8220;Merriweather||||||||&#8220; header_text_color=&#8220;#1c4982&#8243; header_font_size=&#8220;40px&#8220; header_line_height=&#8220;1.2em&#8220; body_text_color=&#8220;#1c4982&#8243; background_color=&#8220;#fdc727&#8243; background_enable_color=&#8220;on&#8220; background_layout=&#8220;light&#8220; width=&#8220;90%&#8220; max_width=&#8220;90%&#8220; header_font_size_tablet=&#8220;&#8220; header_font_size_phone=&#8220;25px&#8220; header_font_size_last_edited=&#8220;on|phone&#8220; global_colors_info=&#8220;{}&#8220; sticky_transition=&#8220;on&#8220;]<\/p>\n<p>Alle Jugendherbergen des Landes Mecklenburg-Vorpommern haben eine Verleihstation erhalten, die vollst\u00e4ndig in das System MV-Rad integriert ist.<\/p>\n<p>[\/et_pb_slide][\/et_pb_fullwidth_slider][\/et_pb_section][et_pb_section fb_built=&#8220;1&#8243; admin_label=&#8220;Services&#8220; _builder_version=&#8220;4.20.2&#8243; _module_preset=&#8220;default&#8220; custom_margin=&#8220;-20px||-27px||false|false&#8220; custom_margin_tablet=&#8220;-15px||||false|false&#8220; custom_margin_phone=&#8220;||||false|false&#8220; custom_margin_last_edited=&#8220;on|desktop&#8220; custom_padding=&#8220;||0px||false|false&#8220; global_colors_info=&#8220;{}&#8220;][et_pb_row _builder_version=&#8220;4.20.2&#8243; _module_preset=&#8220;default&#8220; custom_margin=&#8220;10px||-10px||false|false&#8220; global_colors_info=&#8220;{}&#8220;][et_pb_column type=&#8220;4_4&#8243; _builder_version=&#8220;4.16&#8243; _module_preset=&#8220;default&#8220; global_colors_info=&#8220;{}&#8220;][et_pb_text _builder_version=&#8220;4.22.1&#8243; _module_preset=&#8220;32021f09-dd67-47fb-8f9a-832b72a38baf&#8220; header_2_font=&#8220;Playfair Display|700|||||||&#8220; header_2_text_color=&#8220;gcid-c9411f34-b37e-4feb-a841-9533663e2403&#8243; header_2_font_size=&#8220;60px&#8220; header_2_line_height=&#8220;1.1em&#8220; custom_margin=&#8220;||10px||false|false&#8220; custom_margin_tablet=&#8220;||-10px||false|false&#8220; custom_margin_phone=&#8220;0px||-30px||false|false&#8220; custom_margin_last_edited=&#8220;on|desktop&#8220; animation_style=&#8220;slide&#8220; animation_direction=&#8220;left&#8220; header_2_font_size_tablet=&#8220;35px&#8220; header_2_font_size_phone=&#8220;27px&#8220; header_2_font_size_last_edited=&#8220;on|phone&#8220; locked=&#8220;off&#8220; global_colors_info=&#8220;{}&#8220;]<\/p>\n<h2>Ihre Vorteile<\/h2>\n<p>[\/et_pb_text][\/et_pb_column][\/et_pb_row][et_pb_row column_structure=&#8220;1_3,1_3,1_3&#8243; make_equal=&#8220;on&#8220; _builder_version=&#8220;4.22.1&#8243; _module_preset=&#8220;default&#8220; background_size=&#8220;contain&#8220; custom_margin_tablet=&#8220;&#8220; custom_margin_phone=&#8220;-70px||||false|false&#8220; custom_margin_last_edited=&#8220;on|phone&#8220; global_colors_info=&#8220;{}&#8220;][et_pb_column type=&#8220;1_3&#8243; _builder_version=&#8220;4.22.1&#8243; _dynamic_attributes=&#8220;link_option_url&#8220; _module_preset=&#8220;default&#8220; use_background_color_gradient=&#8220;on&#8220; background_color_gradient_stops=&#8220;rgba(0,0,0,0) 60%|rgba(0,0,0,0.35) 100%&#8220; background_color_gradient_overlays_image=&#8220;on&#8220; background_color_gradient_start=&#8220;rgba(0,0,0,0)&#8220; background_color_gradient_start_position=&#8220;60%&#8220; background_color_gradient_end=&#8220;rgba(0,0,0,0.35)&#8220; background_image=&#8220;https:\/\/mv-rad.de\/wp-content\/uploads\/2021\/09\/DSC01337_EO_berab_web.gif&#8220; transform_scale_last_edited=&#8220;off|desktop&#8220; transform_translate_last_edited=&#8220;off|desktop&#8220; transform_rotate_last_edited=&#8220;off|desktop&#8220; transform_skew_last_edited=&#8220;off|desktop&#8220; transform_origin_last_edited=&#8220;off|desktop&#8220; transform_styles_last_edited=&#8220;off|desktop&#8220; custom_padding=&#8220;24%|20px|20px|20px|false|true&#8220; custom_padding_tablet=&#8220;220px||20px||false|true&#8220; custom_padding_phone=&#8220;125px|30px|30px|30px|false|true&#8220; custom_padding_last_edited=&#8220;on|phone&#8220; link_option_url=&#8220;@ET-DC@eyJkeW5hbWljIjp0cnVlLCJjb250ZW50IjoicG9zdF9saW5rX3VybF9wYWdlIiwic2V0dGluZ3MiOnsicG9zdF9pZCI6IjEyNyJ9fQ==@&#8220; background_last_edited=&#8220;on|phone&#8220; background_size_phone=&#8220;contain&#8220; background_position_phone=&#8220;bottom_center&#8220; global_colors_info=&#8220;{%22gcid-c9411f34-b37e-4feb-a841-9533663e2403%22:%91%22colorEnd%22%93}&#8220; background__hover_enabled=&#8220;off|desktop&#8220; background_color_gradient_end__hover=&#8220;#000000&#8243; use_background_color_gradient__hover=&#8220;on&#8220; background_color_gradient_start_position__hover=&#8220;20%&#8220; transform_styles__hover_enabled=&#8220;on|desktop&#8220; transform_scale__hover_enabled=&#8220;on|desktop&#8220; transform_translate__hover_enabled=&#8220;on|hover&#8220; transform_rotate__hover_enabled=&#8220;on|hover&#8220; transform_skew__hover_enabled=&#8220;on|hover&#8220; transform_origin__hover_enabled=&#8220;on|hover&#8220; transform_scale__hover=&#8220;102%|102%&#8220;][et_pb_text _builder_version=&#8220;4.20.2&#8243; _module_preset=&#8220;3a5fa9a7-7987-4564-89a5-37b87a5b6ad8&#8243; header_font=&#8220;||||||||&#8220; header_3_font=&#8220;Playfair Display|700|||||||&#8220; header_3_text_color=&#8220;#FFFFFF&#8220; header_3_line_height=&#8220;1.6em&#8220; custom_margin=&#8220;||0px||false|false&#8220; header_3_font_size_tablet=&#8220;&#8220; header_3_font_size_phone=&#8220;&#8220; header_3_font_size_last_edited=&#8220;on|tablet&#8220; header_3_text_shadow_style=&#8220;preset2&#8243; locked=&#8220;off&#8220; global_colors_info=&#8220;{}&#8220;]<\/p>\n<h3>Clever<\/h3>\n<p>[\/et_pb_text][et_pb_text _builder_version=&#8220;4.20.2&#8243; _module_preset=&#8220;0d1dcb4c-f28c-4a41-972c-ecb508cfdc14&#8243; text_font=&#8220;|600|||||||&#8220; text_text_color=&#8220;#FFFFFF&#8220; text_line_height=&#8220;1.8em&#8220; header_font_size_tablet=&#8220;55px&#8220; header_font_size_last_edited=&#8220;off|desktop&#8220; text_text_shadow_style=&#8220;preset2&#8243; locked=&#8220;off&#8220; global_colors_info=&#8220;{}&#8220;]<\/p>\n<p>Mit dem Rad kommen Sie zu jedem Ziel, ein Stau ist praktisch ausgeschlossen.<\/p>\n<p>[\/et_pb_text][\/et_pb_column][et_pb_column type=&#8220;1_3&#8243; _builder_version=&#8220;4.22.1&#8243; _dynamic_attributes=&#8220;link_option_url&#8220; _module_preset=&#8220;default&#8220; use_background_color_gradient=&#8220;on&#8220; background_color_gradient_stops=&#8220;rgba(0,0,0,0) 60%|rgba(0,0,0,0.4) 100%&#8220; background_color_gradient_overlays_image=&#8220;on&#8220; background_color_gradient_start=&#8220;rgba(0,0,0,0)&#8220; background_color_gradient_start_position=&#8220;60%&#8220; background_color_gradient_end=&#8220;rgba(0,0,0,0.4)&#8220; background_image=&#8220;https:\/\/mv-rad.de\/wp-content\/uploads\/2021\/10\/DSC06284_kl_web.jpg&#8220; transform_scale_last_edited=&#8220;off|desktop&#8220; transform_translate_last_edited=&#8220;off|desktop&#8220; transform_rotate_last_edited=&#8220;off|desktop&#8220; transform_skew_last_edited=&#8220;off|desktop&#8220; transform_origin_last_edited=&#8220;off|desktop&#8220; transform_styles_last_edited=&#8220;off|desktop&#8220; custom_padding=&#8220;24%|20px|20px|20px|false|true&#8220; custom_padding_tablet=&#8220;220px||||false|true&#8220; custom_padding_phone=&#8220;150px|30px|30px|30px|false|true&#8220; custom_padding_last_edited=&#8220;off|phone&#8220; link_option_url=&#8220;@ET-DC@eyJkeW5hbWljIjp0cnVlLCJjb250ZW50IjoicG9zdF9saW5rX3VybF9wYWdlIiwic2V0dGluZ3MiOnsicG9zdF9pZCI6IjY2MjMifX0=@&#8220; global_colors_info=&#8220;{%22gcid-c9411f34-b37e-4feb-a841-9533663e2403%22:%91%22colorEnd%22%93}&#8220; use_background_color_gradient__hover=&#8220;on&#8220; background__hover_enabled=&#8220;off|desktop&#8220; background_color_gradient_end__hover=&#8220;#000000&#8243; background_color_gradient_start_position__hover=&#8220;20%&#8220; transform_styles__hover_enabled=&#8220;on|hover&#8220; transform_scale__hover=&#8220;105%|105%&#8220; transform_scale__hover_enabled=&#8220;on|hover&#8220; transform_translate__hover_enabled=&#8220;on|hover&#8220; transform_rotate__hover_enabled=&#8220;on|hover&#8220; transform_skew__hover_enabled=&#8220;on|hover&#8220; transform_origin__hover_enabled=&#8220;on|hover&#8220;][et_pb_text _builder_version=&#8220;4.20.2&#8243; _module_preset=&#8220;3a5fa9a7-7987-4564-89a5-37b87a5b6ad8&#8243; header_font=&#8220;||||||||&#8220; header_3_font=&#8220;Playfair Display|700|||||||&#8220; header_3_text_color=&#8220;#FFFFFF&#8220; header_3_line_height=&#8220;1.6em&#8220; custom_margin=&#8220;||0px||false|false&#8220; header_3_font_size_tablet=&#8220;&#8220; header_3_font_size_phone=&#8220;&#8220; header_3_font_size_last_edited=&#8220;on|tablet&#8220; header_3_text_shadow_style=&#8220;preset2&#8243; locked=&#8220;off&#8220; global_colors_info=&#8220;{}&#8220; header_2_3_font_size_last_edited=&#8220;on|tablet&#8220; header_3_3_font_size_last_edited=&#8220;on|tablet&#8220; header_4_3_font_size_last_edited=&#8220;on|tablet&#8220; header_5_3_font_size_last_edited=&#8220;on|tablet&#8220; header_6_3_font_size_last_edited=&#8220;on|tablet&#8220;]<\/p>\n<h3>Einfach<\/h3>\n<p>[\/et_pb_text][et_pb_text _builder_version=&#8220;4.20.2&#8243; _module_preset=&#8220;0d1dcb4c-f28c-4a41-972c-ecb508cfdc14&#8243; text_font=&#8220;|600|||||||&#8220; text_text_color=&#8220;#FFFFFF&#8220; text_line_height=&#8220;1.8em&#8220; header_font_size_tablet=&#8220;55px&#8220; header_font_size_last_edited=&#8220;off|desktop&#8220; text_text_shadow_style=&#8220;preset2&#8243; locked=&#8220;off&#8220; global_colors_info=&#8220;{}&#8220;]<\/p>\n<p>Lassen Sie Ihr Rad zu Hause, leihen Sie sich R\u00e4der an einer unserer Stationen.<\/p>\n<p>[\/et_pb_text][\/et_pb_column][et_pb_column type=&#8220;1_3&#8243; _builder_version=&#8220;4.22.1&#8243; _dynamic_attributes=&#8220;link_option_url&#8220; _module_preset=&#8220;default&#8220; use_background_color_gradient=&#8220;on&#8220; background_color_gradient_stops=&#8220;rgba(0,0,0,0) 47%|rgba(0,0,0,0.5) 100%&#8220; background_color_gradient_overlays_image=&#8220;on&#8220; background_color_gradient_start=&#8220;rgba(0,0,0,0)&#8220; background_color_gradient_start_position=&#8220;47%&#8220; background_color_gradient_end=&#8220;rgba(0,0,0,0.5)&#8220; background_image=&#8220;https:\/\/mv-rad.de\/wp-content\/uploads\/2023\/09\/DSC00653_Station_5602_1920x1080_web.jpg&#8220; background_position=&#8220;top_center&#8220; transform_scale_last_edited=&#8220;off|desktop&#8220; transform_translate_last_edited=&#8220;off|desktop&#8220; transform_rotate_last_edited=&#8220;off|desktop&#8220; transform_skew_last_edited=&#8220;off|desktop&#8220; transform_origin_last_edited=&#8220;off|desktop&#8220; transform_styles_last_edited=&#8220;off|desktop&#8220; custom_padding=&#8220;24%|20px|20px|20px|false|true&#8220; custom_padding_tablet=&#8220;220px||||false|true&#8220; custom_padding_phone=&#8220;150px|30px|30px|30px|false|true&#8220; custom_padding_last_edited=&#8220;off|phone&#8220; link_option_url=&#8220;@ET-DC@eyJkeW5hbWljIjp0cnVlLCJjb250ZW50IjoicG9zdF9saW5rX3VybF9wYWdlIiwic2V0dGluZ3MiOnsicG9zdF9pZCI6IjUzMjEifX0=@&#8220; background_last_edited=&#8220;on|phone&#8220; border_color_all=&#8220;#dddddd&#8220; global_colors_info=&#8220;{%22gcid-c9411f34-b37e-4feb-a841-9533663e2403%22:%91%22colorEnd%22%93}&#8220; use_background_color_gradient__hover=&#8220;on&#8220; background__hover_enabled=&#8220;off|desktop&#8220; background_color_gradient_end__hover=&#8220;#000000&#8243; background_color_gradient_start_position__hover=&#8220;20%&#8220; transform_styles__hover_enabled=&#8220;on|hover&#8220; transform_scale__hover=&#8220;105%|105%&#8220; transform_scale__hover_enabled=&#8220;on|hover&#8220; transform_translate__hover_enabled=&#8220;on|hover&#8220; transform_rotate__hover_enabled=&#8220;on|hover&#8220; transform_skew__hover_enabled=&#8220;on|hover&#8220; transform_origin__hover_enabled=&#8220;on|hover&#8220;][et_pb_text _builder_version=&#8220;4.20.2&#8243; _module_preset=&#8220;3a5fa9a7-7987-4564-89a5-37b87a5b6ad8&#8243; header_font=&#8220;||||||||&#8220; header_3_font=&#8220;Playfair Display|700|||||||&#8220; header_3_text_color=&#8220;#FFFFFF&#8220; header_3_line_height=&#8220;1.6em&#8220; custom_margin=&#8220;||0px||false|false&#8220; header_3_font_size_tablet=&#8220;&#8220; header_3_font_size_phone=&#8220;&#8220; header_3_font_size_last_edited=&#8220;on|tablet&#8220; header_3_text_shadow_style=&#8220;preset2&#8243; locked=&#8220;off&#8220; global_colors_info=&#8220;{}&#8220; header_2_3_font_size_last_edited=&#8220;on|tablet&#8220; header_3_3_font_size_last_edited=&#8220;on|tablet&#8220; header_4_3_font_size_last_edited=&#8220;on|tablet&#8220; header_5_3_font_size_last_edited=&#8220;on|tablet&#8220; header_6_3_font_size_last_edited=&#8220;on|tablet&#8220;]<\/p>\n<h3>Preiswert<\/h3>\n<p>[\/et_pb_text][et_pb_text _builder_version=&#8220;4.22.1&#8243; _module_preset=&#8220;0d1dcb4c-f28c-4a41-972c-ecb508cfdc14&#8243; text_font=&#8220;|600|||||||&#8220; text_text_color=&#8220;#FFFFFF&#8220; text_letter_spacing=&#8220;-0.15px&#8220; text_line_height=&#8220;1.8em&#8220; header_font_size_tablet=&#8220;55px&#8220; header_font_size_last_edited=&#8220;off|desktop&#8220; text_text_shadow_style=&#8220;preset2&#8243; locked=&#8220;off&#8220; global_colors_info=&#8220;{}&#8220;]<\/p>\n<p>Durchdachte Tarife schonen Ihren Geldbeutel &#8211; Qualit\u00e4t selbstverst\u00e4ndlich.<\/p>\n<p>[\/et_pb_text][\/et_pb_column][\/et_pb_row][et_pb_row column_structure=&#8220;1_3,1_3,1_3&#8243; make_equal=&#8220;on&#8220; _builder_version=&#8220;4.22.1&#8243; _module_preset=&#8220;default&#8220; custom_margin_tablet=&#8220;&#8220; custom_margin_phone=&#8220;-28px||-10px||false|false&#8220; custom_margin_last_edited=&#8220;on|phone&#8220; global_colors_info=&#8220;{}&#8220;][et_pb_column type=&#8220;1_3&#8243; _builder_version=&#8220;4.22.1&#8243; _dynamic_attributes=&#8220;link_option_url&#8220; _module_preset=&#8220;default&#8220; use_background_color_gradient=&#8220;on&#8220; background_color_gradient_direction=&#8220;194deg&#8220; background_color_gradient_stops=&#8220;rgba(0,0,0,0) 60%|rgba(0,0,0,0.5) 100%&#8220; background_color_gradient_overlays_image=&#8220;on&#8220; background_color_gradient_start=&#8220;rgba(0,0,0,0)&#8220; background_color_gradient_start_position=&#8220;60%&#8220; background_color_gradient_end=&#8220;rgba(0,0,0,0.5)&#8220; background_image=&#8220;https:\/\/mv-rad.de\/wp-content\/uploads\/2021\/11\/DSC_0855_web-1024&#215;293-1.jpg&#8220; transform_scale_last_edited=&#8220;off|desktop&#8220; transform_translate_last_edited=&#8220;off|desktop&#8220; transform_rotate_last_edited=&#8220;off|desktop&#8220; transform_skew_last_edited=&#8220;off|desktop&#8220; transform_origin_last_edited=&#8220;off|desktop&#8220; custom_padding=&#8220;24%|20px|20px|20px|false|true&#8220; custom_padding_tablet=&#8220;220px||||false|true&#8220; custom_padding_phone=&#8220;150px|30px|30px|30px|false|true&#8220; custom_padding_last_edited=&#8220;off|desktop&#8220; link_option_url=&#8220;@ET-DC@eyJkeW5hbWljIjp0cnVlLCJjb250ZW50IjoicG9zdF9saW5rX3VybF9wYWdlIiwic2V0dGluZ3MiOnsicG9zdF9pZCI6IjUzNjkifX0=@&#8220; global_colors_info=&#8220;{%22gcid-c9411f34-b37e-4feb-a841-9533663e2403%22:%91%22colorEnd%22%93}&#8220; use_background_color_gradient__hover=&#8220;on&#8220; background__hover_enabled=&#8220;off|desktop&#8220; background_color_gradient_end__hover=&#8220;#000000&#8243; background_color_gradient_start_position__hover=&#8220;20%&#8220; transform_styles__hover_enabled=&#8220;on|hover&#8220; transform_scale__hover=&#8220;102%|102%&#8220; transform_scale__hover_enabled=&#8220;on|hover&#8220; transform_translate__hover_enabled=&#8220;on|hover&#8220; transform_rotate__hover_enabled=&#8220;on|hover&#8220; transform_skew__hover_enabled=&#8220;on|hover&#8220; transform_origin__hover_enabled=&#8220;on|hover&#8220;][et_pb_text _builder_version=&#8220;4.20.2&#8243; _module_preset=&#8220;3a5fa9a7-7987-4564-89a5-37b87a5b6ad8&#8243; header_font=&#8220;||||||||&#8220; header_3_font=&#8220;Playfair Display|700|||||||&#8220; header_3_text_color=&#8220;#FFFFFF&#8220; header_3_line_height=&#8220;1.6em&#8220; custom_margin=&#8220;||0px||false|false&#8220; header_3_font_size_tablet=&#8220;&#8220; header_3_font_size_phone=&#8220;&#8220; header_3_font_size_last_edited=&#8220;on|tablet&#8220; header_3_text_shadow_style=&#8220;preset2&#8243; locked=&#8220;off&#8220; global_colors_info=&#8220;{}&#8220; header_2_3_font_size_last_edited=&#8220;on|tablet&#8220; header_3_3_font_size_last_edited=&#8220;on|tablet&#8220; header_4_3_font_size_last_edited=&#8220;on|tablet&#8220; header_5_3_font_size_last_edited=&#8220;on|tablet&#8220; header_6_3_font_size_last_edited=&#8220;on|tablet&#8220;]<\/p>\n<h3>Flexibel<\/h3>\n<p>[\/et_pb_text][et_pb_text _builder_version=&#8220;4.22.1&#8243; _module_preset=&#8220;0d1dcb4c-f28c-4a41-972c-ecb508cfdc14&#8243; text_font=&#8220;|600|||||||&#8220; text_text_color=&#8220;#FFFFFF&#8220; text_line_height=&#8220;1.8em&#8220; header_font_size_tablet=&#8220;55px&#8220; header_font_size_last_edited=&#8220;off|desktop&#8220; text_text_shadow_style=&#8220;preset2&#8243; header_3_text_shadow_style=&#8220;preset2&#8243; locked=&#8220;off&#8220; global_colors_info=&#8220;{}&#8220;]<\/p>\n<p>One Way &#8211; durch Nutzung des einizigartigen Verkehrsverbundes.<\/p>\n<p>[\/et_pb_text][\/et_pb_column][et_pb_column type=&#8220;1_3&#8243; _builder_version=&#8220;4.22.1&#8243; _dynamic_attributes=&#8220;link_option_url&#8220; _module_preset=&#8220;default&#8220; use_background_color_gradient=&#8220;on&#8220; background_color_gradient_direction=&#8220;181deg&#8220; background_color_gradient_stops=&#8220;rgba(0,0,0,0) 60%|rgba(0,0,0,0.58) 100%&#8220; background_color_gradient_overlays_image=&#8220;on&#8220; background_color_gradient_start=&#8220;rgba(0,0,0,0)&#8220; background_color_gradient_start_position=&#8220;60%&#8220; background_color_gradient_end=&#8220;rgba(0,0,0,0.58)&#8220; background_image=&#8220;https:\/\/mv-rad.de\/wp-content\/uploads\/2023\/09\/DSC00506_Station_57002_1920x1080_web.jpg&#8220; transform_scale_last_edited=&#8220;off|desktop&#8220; transform_translate_last_edited=&#8220;off|desktop&#8220; transform_rotate_last_edited=&#8220;off|desktop&#8220; transform_skew_last_edited=&#8220;off|desktop&#8220; transform_origin_last_edited=&#8220;off|desktop&#8220; custom_padding=&#8220;24%|20px|20px|20px|false|true&#8220; custom_padding_tablet=&#8220;220px||20px||false|true&#8220; custom_padding_phone=&#8220;24%|30px|20px|30px|false|true&#8220; custom_padding_last_edited=&#8220;on|tablet&#8220; link_option_url=&#8220;@ET-DC@eyJkeW5hbWljIjp0cnVlLCJjb250ZW50IjoicG9zdF9saW5rX3VybF9wYWdlIiwic2V0dGluZ3MiOnsicG9zdF9pZCI6IjYzNzkifX0=@&#8220; global_colors_info=&#8220;{%22gcid-c9411f34-b37e-4feb-a841-9533663e2403%22:%91%22colorEnd%22%93}&#8220; use_background_color_gradient__hover=&#8220;on&#8220; background__hover_enabled=&#8220;off|desktop&#8220; background_color_gradient_end__hover=&#8220;#000000&#8243; background_color_gradient_start_position__hover=&#8220;20%&#8220; transform_styles__hover_enabled=&#8220;on|hover&#8220; transform_scale__hover=&#8220;105%|105%&#8220; transform_scale__hover_enabled=&#8220;on|hover&#8220; transform_translate__hover_enabled=&#8220;on|hover&#8220; transform_rotate__hover_enabled=&#8220;on|hover&#8220; transform_skew__hover_enabled=&#8220;on|hover&#8220; transform_origin__hover_enabled=&#8220;on|hover&#8220;][et_pb_text _builder_version=&#8220;4.20.2&#8243; _module_preset=&#8220;3a5fa9a7-7987-4564-89a5-37b87a5b6ad8&#8243; header_font=&#8220;||||||||&#8220; header_3_font=&#8220;Playfair Display|700|||||||&#8220; header_3_text_color=&#8220;#FFFFFF&#8220; header_3_line_height=&#8220;1.6em&#8220; custom_margin=&#8220;||0px||false|false&#8220; header_3_font_size_tablet=&#8220;&#8220; header_3_font_size_phone=&#8220;&#8220; header_3_font_size_last_edited=&#8220;on|tablet&#8220; header_3_text_shadow_style=&#8220;preset2&#8243; locked=&#8220;off&#8220; global_colors_info=&#8220;{}&#8220; header_2_3_font_size_last_edited=&#8220;on|tablet&#8220; header_3_3_font_size_last_edited=&#8220;on|tablet&#8220; header_4_3_font_size_last_edited=&#8220;on|tablet&#8220; header_5_3_font_size_last_edited=&#8220;on|tablet&#8220; header_6_3_font_size_last_edited=&#8220;on|tablet&#8220;]<\/p>\n<h3>Innovativ<\/h3>\n<p>[\/et_pb_text][et_pb_text _builder_version=&#8220;4.22.1&#8243; _module_preset=&#8220;0d1dcb4c-f28c-4a41-972c-ecb508cfdc14&#8243; text_font=&#8220;|600|||||||&#8220; text_text_color=&#8220;#FFFFFF&#8220; text_line_height=&#8220;1.8em&#8220; header_font_size_tablet=&#8220;55px&#8220; header_font_size_last_edited=&#8220;off|desktop&#8220; text_text_shadow_style=&#8220;preset2&#8243; header_3_text_shadow_style=&#8220;preset2&#8243; locked=&#8220;off&#8220; global_colors_info=&#8220;{}&#8220;]<\/p>\n<p>Automatiches Laden der Pedelecs in der Station, die App \u00f6ffnet Framelock, u.v.m.<\/p>\n<p>[\/et_pb_text][\/et_pb_column][et_pb_column type=&#8220;1_3&#8243; _builder_version=&#8220;4.22.1&#8243; _dynamic_attributes=&#8220;link_option_url&#8220; _module_preset=&#8220;default&#8220; use_background_color_gradient=&#8220;on&#8220; background_color_gradient_direction=&#8220;181deg&#8220; background_color_gradient_stops=&#8220;rgba(0,0,0,0) 40%|rgba(0,0,0,0.45) 100%&#8220; background_color_gradient_overlays_image=&#8220;on&#8220; background_color_gradient_start=&#8220;rgba(0,0,0,0)&#8220; background_color_gradient_start_position=&#8220;40%&#8220; background_color_gradient_end=&#8220;rgba(0,0,0,0.45)&#8220; background_image=&#8220;https:\/\/mv-rad.de\/wp-content\/uploads\/2023\/09\/DSC00798_MV-Rad_Lastenrad_1920x1080_web.jpg&#8220; transform_scale_last_edited=&#8220;off|desktop&#8220; transform_translate_last_edited=&#8220;off|desktop&#8220; transform_rotate_last_edited=&#8220;off|desktop&#8220; transform_skew_last_edited=&#8220;off|desktop&#8220; transform_origin_last_edited=&#8220;off|desktop&#8220; custom_padding=&#8220;24%|20px|20px|20px|false|true&#8220; custom_padding_tablet=&#8220;220px||20px||false|true&#8220; custom_padding_phone=&#8220;24%|30px|20px|30px|false|true&#8220; custom_padding_last_edited=&#8220;on|tablet&#8220; link_option_url=&#8220;@ET-DC@eyJkeW5hbWljIjp0cnVlLCJjb250ZW50IjoicG9zdF9saW5rX3VybF9wYWdlIiwic2V0dGluZ3MiOnsicG9zdF9pZCI6IjY1MzcifX0=@&#8220; global_colors_info=&#8220;{%22gcid-c9411f34-b37e-4feb-a841-9533663e2403%22:%91%22colorEnd%22%93}&#8220; use_background_color_gradient__hover=&#8220;on&#8220; background__hover_enabled=&#8220;off|desktop&#8220; background_color_gradient_end__hover=&#8220;#000000&#8243; background_color_gradient_start_position__hover=&#8220;20%&#8220; transform_styles__hover_enabled=&#8220;on|hover&#8220; transform_scale__hover=&#8220;105%|105%&#8220; transform_scale__hover_enabled=&#8220;on|hover&#8220; transform_translate__hover_enabled=&#8220;on|hover&#8220; transform_rotate__hover_enabled=&#8220;on|hover&#8220; transform_skew__hover_enabled=&#8220;on|hover&#8220; transform_origin__hover_enabled=&#8220;on|hover&#8220;][et_pb_text _builder_version=&#8220;4.22.1&#8243; _module_preset=&#8220;3a5fa9a7-7987-4564-89a5-37b87a5b6ad8&#8243; header_font=&#8220;||||||||&#8220; header_3_font=&#8220;Playfair Display|700|||||||&#8220; header_3_text_color=&#8220;#FFFFFF&#8220; header_3_line_height=&#8220;1.6em&#8220; custom_margin=&#8220;||0px||false|false&#8220; header_3_font_size_tablet=&#8220;&#8220; header_3_font_size_phone=&#8220;&#8220; header_3_font_size_last_edited=&#8220;on|tablet&#8220; header_3_text_shadow_style=&#8220;preset2&#8243; locked=&#8220;off&#8220; global_colors_info=&#8220;{}&#8220; header_2_3_font_size_last_edited=&#8220;on|tablet&#8220; header_3_3_font_size_last_edited=&#8220;on|tablet&#8220; header_4_3_font_size_last_edited=&#8220;on|tablet&#8220; header_5_3_font_size_last_edited=&#8220;on|tablet&#8220; header_6_3_font_size_last_edited=&#8220;on|tablet&#8220;]<\/p>\n<h3>&#8230; damit alles passt<\/h3>\n<p>[\/et_pb_text][et_pb_text _builder_version=&#8220;4.20.2&#8243; _module_preset=&#8220;0d1dcb4c-f28c-4a41-972c-ecb508cfdc14&#8243; text_font=&#8220;|600|||||||&#8220; text_text_color=&#8220;#FFFFFF&#8220; text_line_height=&#8220;1.8em&#8220; header_font_size_tablet=&#8220;55px&#8220; header_font_size_last_edited=&#8220;off|desktop&#8220; text_text_shadow_style=&#8220;preset2&#8243; locked=&#8220;off&#8220; global_colors_info=&#8220;{}&#8220;]<\/p>\n<p>Schon heute denken wir an die Zukunft, Klimaneutralit\u00e4t, E-Bikes, Lastenr\u00e4der, &#8230;<\/p>\n<p>[\/et_pb_text][\/et_pb_column][\/et_pb_row][et_pb_row _builder_version=&#8220;4.22.1&#8243; _module_preset=&#8220;default&#8220; custom_margin=&#8220;20px||||false|false&#8220; global_colors_info=&#8220;{}&#8220;][et_pb_column type=&#8220;4_4&#8243; _builder_version=&#8220;4.16&#8243; _module_preset=&#8220;default&#8220; global_colors_info=&#8220;{}&#8220;][et_pb_text _builder_version=&#8220;4.17.4&#8243; _module_preset=&#8220;32021f09-dd67-47fb-8f9a-832b72a38baf&#8220; header_2_font=&#8220;Playfair Display|700|||||||&#8220; header_2_text_color=&#8220;gcid-c9411f34-b37e-4feb-a841-9533663e2403&#8243; header_2_font_size=&#8220;60px&#8220; header_2_line_height=&#8220;1.1em&#8220; custom_margin=&#8220;||10px||false|false&#8220; custom_margin_tablet=&#8220;||-10px||false|false&#8220; custom_margin_phone=&#8220;||-29px||false|false&#8220; custom_margin_last_edited=&#8220;on|desktop&#8220; animation_style=&#8220;slide&#8220; animation_direction=&#8220;left&#8220; header_2_font_size_tablet=&#8220;35px&#8220; header_2_font_size_phone=&#8220;27px&#8220; header_2_font_size_last_edited=&#8220;on|phone&#8220; locked=&#8220;off&#8220; global_colors_info=&#8220;{}&#8220;]<\/p>\n<h2>Unsere Partner<\/h2>\n<p>[\/et_pb_text][\/et_pb_column][\/et_pb_row][et_pb_row column_structure=&#8220;1_4,1_4,1_4,1_4&#8243; _builder_version=&#8220;4.27.5&#8243; _module_preset=&#8220;default&#8220; custom_margin=&#8220;||||false|false&#8220; custom_padding=&#8220;||||false|false&#8220; global_colors_info=&#8220;{}&#8220;][et_pb_column type=&#8220;1_4&#8243; _builder_version=&#8220;4.17.4&#8243; _module_preset=&#8220;default&#8220; global_colors_info=&#8220;{}&#8220;][et_pb_slider show_arrows=&#8220;off&#8220; show_pagination=&#8220;off&#8220; show_image_video_mobile=&#8220;on&#8220; _builder_version=&#8220;4.22.1&#8243; _module_preset=&#8220;default&#8220; custom_button=&#8220;on&#8220; width_tablet=&#8220;&#8220; width_phone=&#8220;100%&#8220; width_last_edited=&#8220;on|phone&#8220; height=&#8220;450px&#8220; height_tablet=&#8220;350px&#8220; height_phone=&#8220;340px&#8220; height_last_edited=&#8220;on|phone&#8220; custom_margin=&#8220;||||false|false&#8220; custom_padding=&#8220;||||false|false&#8220; link_option_url=&#8220;www.kaufhaus-stolz.de&#8220; link_option_url_new_window=&#8220;on&#8220; border_color_all_image=&#8220;#FFFFFF&#8220; global_colors_info=&#8220;{}&#8220;][et_pb_slide button_text=&#8220;Hier klicken&#8220; button_link=&#8220;https:\/\/www.kaufhaus-stolz.com\/&#8220; url_new_window=&#8220;on&#8220; image=&#8220;https:\/\/mv-rad.de\/wp-content\/uploads\/2023\/09\/partnerlogo_rahmen_grau_Kaufhaus_Stolz_153x98.png&#8220; image_tablet=&#8220;&#8220; image_phone=&#8220;https:\/\/mv-rad.de\/wp-content\/uploads\/2022\/06\/Logo-Kaufhaus-Stolz.png&#8220; image_last_edited=&#8220;on|tablet&#8220; _builder_version=&#8220;4.22.1&#8243; _module_preset=&#8220;default&#8220; background_color=&#8220;#fdc727&#8243; background_enable_color=&#8220;on&#8220; custom_button=&#8220;on&#8220; button_text_color=&#8220;#444444&#8243; button_bg_color=&#8220;#fdc727&#8243; button_border_width=&#8220;2px&#8220; button_border_color=&#8220;#4f4f4f&#8220; background_layout=&#8220;light&#8220; width=&#8220;100%&#8220; max_width=&#8220;85%&#8220; custom_padding=&#8220;||||false|false&#8220; custom_padding_tablet=&#8220;15px||||false|false&#8220; custom_padding_phone=&#8220;15px||||false|false&#8220; custom_padding_last_edited=&#8220;on|tablet&#8220; link_option_url_new_window=&#8220;on&#8220; global_colors_info=&#8220;{}&#8220; sticky_transition=&#8220;on&#8220;]<\/p>\n<p>Die Firma Kaufhaus Stolz, Premium-Partner der ersten Stunde &#8211; jetzt auch f\u00fcr MV-Rad und StadtRad Greifswald.<\/p>\n<p>[\/et_pb_slide][\/et_pb_slider][\/et_pb_column][et_pb_column type=&#8220;1_4&#8243; _builder_version=&#8220;4.17.4&#8243; _module_preset=&#8220;default&#8220; global_colors_info=&#8220;{}&#8220;][et_pb_slider show_image_video_mobile=&#8220;on&#8220; _builder_version=&#8220;4.22.1&#8243; _module_preset=&#8220;default&#8220; height=&#8220;450px&#8220; height_tablet=&#8220;350px&#8220; height_phone=&#8220;320px&#8220; height_last_edited=&#8220;on|phone&#8220; custom_margin=&#8220;||||false|false&#8220; link_option_url=&#8220;https:\/\/mv.vr.de&#8220; link_option_url_new_window=&#8220;on&#8220; global_colors_info=&#8220;{}&#8220;][et_pb_slide button_text=&#8220;Hier klicken&#8220; button_link=&#8220;https:\/\/mv.vr.de&#8220; url_new_window=&#8220;on&#8220; image=&#8220;https:\/\/mv-rad.de\/wp-content\/uploads\/2023\/09\/partnerlogo_rahmen_grau_volksbanken_raiffeisen_mv_153x98.png&#8220; image_tablet=&#8220;&#8220; image_phone=&#8220;https:\/\/mv-rad.de\/wp-content\/uploads\/2023\/02\/Log_VR_rechts_RGB.jpg&#8220; image_last_edited=&#8220;on|tablet&#8220; _builder_version=&#8220;4.22.1&#8243; _module_preset=&#8220;default&#8220; header_level=&#8220;h2&#8243; background_color=&#8220;#009fe3&#8243; background_enable_color=&#8220;on&#8220; custom_button=&#8220;on&#8220; button_text_color=&#8220;#4f4f4f&#8220; button_border_width=&#8220;2px&#8220; button_border_color=&#8220;#4f4f4f&#8220; background_layout=&#8220;light&#8220; width=&#8220;100%&#8220; max_width=&#8220;85%&#8220; custom_padding_tablet=&#8220;15px||||false|false&#8220; custom_padding_phone=&#8220;15px||||false|false&#8220; custom_padding_last_edited=&#8220;on|tablet&#8220; link_option_url_new_window=&#8220;on&#8220; header_font_size_tablet=&#8220;21px&#8220; header_font_size_phone=&#8220;21px&#8220; header_font_size_last_edited=&#8220;on|phone&#8220; global_colors_info=&#8220;{}&#8220; sticky_transition=&#8220;on&#8220;]<\/p>\n<p>Die Volksbanken Raiffeisenbanken in MV unterst\u00fctzen unsere Projekte MV-Rad und Pedelec Power Usedom.<\/p>\n<p>[\/et_pb_slide][\/et_pb_slider][\/et_pb_column][et_pb_column type=&#8220;1_4&#8243; _builder_version=&#8220;4.17.4&#8243; _module_preset=&#8220;default&#8220; global_colors_info=&#8220;{}&#8220;][et_pb_slider show_image_video_mobile=&#8220;on&#8220; _builder_version=&#8220;4.22.1&#8243; _module_preset=&#8220;default&#8220; background_color=&#8220;#94c120&#8243; width=&#8220;100%&#8220; height=&#8220;450px&#8220; height_tablet=&#8220;350px&#8220; height_phone=&#8220;470px&#8220; height_last_edited=&#8220;on|phone&#8220; custom_margin=&#8220;||||false|false&#8220; custom_padding=&#8220;||||false|false&#8220; link_option_url=&#8220;www.80s80s.de&#8220; link_option_url_new_window=&#8220;on&#8220; global_colors_info=&#8220;{}&#8220;][et_pb_slide button_text=&#8220;Hier klicken&#8220; button_link=&#8220;http:\/\/www.80s80s.de&#8220; url_new_window=&#8220;on&#8220; image=&#8220;https:\/\/mv-rad.de\/wp-content\/uploads\/2023\/09\/partnerlogo_rahmen_grau_80s80s_153x98.png&#8220; image_tablet=&#8220;&#8220; image_phone=&#8220;https:\/\/mv-rad.de\/wp-content\/uploads\/2022\/06\/Logo-80s80s.png&#8220; image_last_edited=&#8220;on|tablet&#8220; _builder_version=&#8220;4.22.1&#8243; _module_preset=&#8220;default&#8220; custom_button=&#8220;on&#8220; button_text_color=&#8220;#4f4f4f&#8220; button_border_width=&#8220;2px&#8220; button_border_color=&#8220;#4f4f4f&#8220; background_layout=&#8220;light&#8220; width=&#8220;100%&#8220; max_width=&#8220;85%&#8220; custom_padding=&#8220;||||false|false&#8220; link_option_url_new_window=&#8220;on&#8220; global_colors_info=&#8220;{}&#8220; sticky_transition=&#8220;on&#8220;]<\/p>\n<p>Das 80s80s Radio unterst\u00fctzt MV-Rad, UsedomRad, Pedelec Power Usedom und StadtRad Greifswald.<\/p>\n<p>[\/et_pb_slide][\/et_pb_slider][\/et_pb_column][et_pb_column type=&#8220;1_4&#8243; _builder_version=&#8220;4.17.4&#8243; _module_preset=&#8220;default&#8220; global_colors_info=&#8220;{}&#8220;][et_pb_slider show_image_video_mobile=&#8220;on&#8220; _builder_version=&#8220;4.22.1&#8243; _module_preset=&#8220;default&#8220; background_color=&#8220;#1c4982&#8243; content_width_tablet=&#8220;100%&#8220; content_width_phone=&#8220;100%&#8220; content_width_last_edited=&#8220;on|tablet&#8220; height=&#8220;450px&#8220; height_tablet=&#8220;350px&#8220; height_phone=&#8220;320px&#8220; height_last_edited=&#8220;on|tablet&#8220; custom_margin=&#8220;||||false|false&#8220; custom_margin_tablet=&#8220;||-20px||false|false&#8220; custom_margin_phone=&#8220;||||false|false&#8220; custom_margin_last_edited=&#8220;on|tablet&#8220; custom_padding=&#8220;||||false|false&#8220; link_option_url=&#8220;www.spk-vorpommern.de&#8220; link_option_url_new_window=&#8220;on&#8220; global_colors_info=&#8220;{}&#8220;][et_pb_slide button_text=&#8220;Hier klicken&#8220; button_link=&#8220;http:\/\/www.spk-vorpommern.de\/&#8220; url_new_window=&#8220;on&#8220; image=&#8220;https:\/\/mv-rad.de\/wp-content\/uploads\/2023\/09\/partnerlogo_rahmen_Sparkasse_Vorpommern_153x98.png&#8220; image_tablet=&#8220;&#8220; image_phone=&#8220;https:\/\/mv-rad.de\/wp-content\/uploads\/2022\/06\/spk-logo-desktop.png&#8220; image_last_edited=&#8220;on|tablet&#8220; _builder_version=&#8220;4.22.1&#8243; _module_preset=&#8220;default&#8220; width=&#8220;100%&#8220; width_tablet=&#8220;100%&#8220; width_phone=&#8220;100%&#8220; width_last_edited=&#8220;on|tablet&#8220; max_width=&#8220;90%&#8220; custom_padding=&#8220;||||false|false&#8220; custom_padding_tablet=&#8220;||||false|false&#8220; custom_padding_phone=&#8220;20px||||false|false&#8220; custom_padding_last_edited=&#8220;on|tablet&#8220; link_option_url_new_window=&#8220;on&#8220; global_colors_info=&#8220;{}&#8220; sticky_transition=&#8220;on&#8220;]<\/p>\n<p>Sparkasse Vorpommern unterst\u00fctzt MV-Rad, StadtRad Greifswald und Pedelec Power Usedom mit gro\u00dfem Engagement.<\/p>\n<p>[\/et_pb_slide][\/et_pb_slider][\/et_pb_column][\/et_pb_row][et_pb_row column_structure=&#8220;1_4,1_4,1_4,1_4&#8243; _builder_version=&#8220;4.27.5&#8243; _module_preset=&#8220;default&#8220; custom_margin=&#8220;0px||10px||false|false&#8220; custom_margin_tablet=&#8220;||||false|false&#8220; custom_margin_phone=&#8220;-10px||-10px||false|false&#8220; custom_margin_last_edited=&#8220;on|phone&#8220; global_colors_info=&#8220;{}&#8220;][et_pb_column type=&#8220;1_4&#8243; _builder_version=&#8220;4.17.4&#8243; _module_preset=&#8220;default&#8220; global_colors_info=&#8220;{}&#8220;][et_pb_slider show_image_video_mobile=&#8220;on&#8220; _builder_version=&#8220;4.22.1&#8243; _module_preset=&#8220;default&#8220; background_color=&#8220;#1c4982&#8243; height=&#8220;450px&#8220; height_tablet=&#8220;350px&#8220; height_phone=&#8220;400px&#8220; height_last_edited=&#8220;on|tablet&#8220; custom_margin=&#8220;||||false|false&#8220; custom_margin_tablet=&#8220;0px||0px||false|false&#8220; custom_margin_phone=&#8220;||0px||false|false&#8220; custom_margin_last_edited=&#8220;on|tablet&#8220; custom_padding=&#8220;||||false|false&#8220; link_option_url=&#8220;https:\/\/www.seetel.de\/&#8220; link_option_url_new_window=&#8220;on&#8220; global_colors_info=&#8220;{}&#8220;][et_pb_slide button_text=&#8220;Hier klicken&#8220; button_link=&#8220;https:\/\/www.seetel.de\/&#8220; url_new_window=&#8220;on&#8220; image=&#8220;https:\/\/mv-rad.de\/wp-content\/uploads\/2023\/09\/partnerlogo_rahmen_seetelhotels_usedom_190x110.png&#8220; image_tablet=&#8220;&#8220; image_phone=&#8220;https:\/\/mv-rad.de\/wp-content\/uploads\/2023\/04\/Energie-Vorpommern-Logo.png&#8220; image_last_edited=&#8220;on|tablet&#8220; _builder_version=&#8220;4.22.1&#8243; _module_preset=&#8220;default&#8220; custom_button=&#8220;on&#8220; button_text_color=&#8220;#ffffff&#8220; button_border_width=&#8220;2px&#8220; button_border_color=&#8220;#ffffff&#8220; width=&#8220;100%&#8220; max_width=&#8220;85%&#8220; custom_padding=&#8220;||||false|false&#8220; custom_padding_tablet=&#8220;15px||||false|false&#8220; custom_padding_phone=&#8220;||15px||false|false&#8220; custom_padding_last_edited=&#8220;on|tablet&#8220; link_option_url_new_window=&#8220;on&#8220; global_colors_info=&#8220;{}&#8220; sticky_transition=&#8220;on&#8220;]<\/p>\n<p>Das Unternehmen SEETELHOTELS Usedom ist unser Partner und unterst\u00fctzt das Projekt Pedelec Power Usedom.<\/p>\n<p>[\/et_pb_slide][\/et_pb_slider][\/et_pb_column][et_pb_column type=&#8220;1_4&#8243; _builder_version=&#8220;4.17.4&#8243; _module_preset=&#8220;default&#8220; global_colors_info=&#8220;{}&#8220;][et_pb_slider show_image_video_mobile=&#8220;on&#8220; _builder_version=&#8220;4.22.1&#8243; _module_preset=&#8220;default&#8220; background_color=&#8220;#94c120&#8243; height=&#8220;450px&#8220; height_tablet=&#8220;350px&#8220; height_phone=&#8220;400px&#8220; height_last_edited=&#8220;on|tablet&#8220; custom_margin=&#8220;||||false|false&#8220; custom_margin_tablet=&#8220;0px||0px||false|false&#8220; custom_margin_phone=&#8220;||0px||false|false&#8220; custom_margin_last_edited=&#8220;on|tablet&#8220; custom_padding=&#8220;||||false|false&#8220; link_option_url=&#8220;http:\/\/www.energie-vorpommern.de\/&#8220; link_option_url_new_window=&#8220;on&#8220; global_colors_info=&#8220;{}&#8220;][et_pb_slide button_text=&#8220;Hier klicken&#8220; button_link=&#8220;http:\/\/www.energie-vorpommern.de\/&#8220; url_new_window=&#8220;on&#8220; image=&#8220;https:\/\/mv-rad.de\/wp-content\/uploads\/2023\/09\/partnerlogo_rahmen_grau_Energie_Vorpommern_153x98.png&#8220; image_tablet=&#8220;&#8220; image_phone=&#8220;https:\/\/mv-rad.de\/wp-content\/uploads\/2023\/04\/Energie-Vorpommern-Logo.png&#8220; image_last_edited=&#8220;on|tablet&#8220; _builder_version=&#8220;4.22.1&#8243; _module_preset=&#8220;default&#8220; custom_button=&#8220;on&#8220; button_text_color=&#8220;#4f4f4f&#8220; button_border_width=&#8220;2px&#8220; button_border_color=&#8220;#4f4f4f&#8220; background_layout=&#8220;light&#8220; width=&#8220;100%&#8220; max_width=&#8220;85%&#8220; custom_padding=&#8220;||||false|false&#8220; custom_padding_tablet=&#8220;15px||||false|false&#8220; custom_padding_phone=&#8220;||15px||false|false&#8220; custom_padding_last_edited=&#8220;on|tablet&#8220; link_option_url_new_window=&#8220;on&#8220; global_colors_info=&#8220;{}&#8220; sticky_transition=&#8220;on&#8220;]<\/p>\n<p>Energie Vorpommern unterst\u00fctzt MV-Rad, UsedomRad, Pedelec Power Usedom und E-Cargo Usedom.<\/p>\n<p>[\/et_pb_slide][\/et_pb_slider][\/et_pb_column][et_pb_column type=&#8220;1_4&#8243; _builder_version=&#8220;4.22.1&#8243; _module_preset=&#8220;default&#8220; global_colors_info=&#8220;{}&#8220;][et_pb_slider show_image_video_mobile=&#8220;on&#8220; _builder_version=&#8220;4.27.5&#8243; _module_preset=&#8220;default&#8220; background_color=&#8220;#1c4982&#8243; content_width_tablet=&#8220;100%&#8220; content_width_phone=&#8220;100%&#8220; content_width_last_edited=&#8220;on|tablet&#8220; height=&#8220;450px&#8220; height_tablet=&#8220;350px&#8220; height_phone=&#8220;320px&#8220; height_last_edited=&#8220;on|tablet&#8220; custom_margin=&#8220;||||false|false&#8220; custom_margin_tablet=&#8220;||-20px||false|false&#8220; custom_margin_phone=&#8220;||||false|false&#8220; custom_margin_last_edited=&#8220;on|tablet&#8220; custom_padding=&#8220;||||false|false&#8220; link_option_url=&#8220;www.sparkasse-uecker-randow.de&#8220; link_option_url_new_window=&#8220;on&#8220; global_colors_info=&#8220;{}&#8220;][et_pb_slide button_text=&#8220;Hier klicken&#8220; button_link=&#8220;http:\/\/www.sparkasse-uecker-randow.de\/&#8220; url_new_window=&#8220;on&#8220; image=&#8220;https:\/\/mv-rad.de\/wp-content\/uploads\/2026\/02\/logo-sparkasse-uecker-randow.png&#8220; image_tablet=&#8220;&#8220; image_phone=&#8220;https:\/\/mv-rad.de\/wp-content\/uploads\/2022\/06\/spk-logo-desktop.png&#8220; image_last_edited=&#8220;on|tablet&#8220; _builder_version=&#8220;4.27.5&#8243; _module_preset=&#8220;default&#8220; width=&#8220;100%&#8220; width_tablet=&#8220;100%&#8220; width_phone=&#8220;100%&#8220; width_last_edited=&#8220;on|tablet&#8220; max_width=&#8220;90%&#8220; custom_padding=&#8220;||||false|false&#8220; custom_padding_tablet=&#8220;||||false|false&#8220; custom_padding_phone=&#8220;20px||||false|false&#8220; custom_padding_last_edited=&#8220;on|tablet&#8220; link_option_url_new_window=&#8220;on&#8220; global_colors_info=&#8220;{}&#8220; sticky_transition=&#8220;on&#8220;]<\/p>\n<p>&nbsp;<\/p>\n<p>Die Sparkasse Uecker-Randow unterst\u00fctzt MV-Rad in der Region Stettiner Haff mit gro\u00dfem Engagement.<\/p>\n<p>[\/et_pb_slide][\/et_pb_slider][\/et_pb_column][et_pb_column type=&#8220;1_4&#8243; _builder_version=&#8220;4.27.5&#8243; _module_preset=&#8220;default&#8220; global_colors_info=&#8220;{}&#8220;][et_pb_slider show_image_video_mobile=&#8220;on&#8220; _builder_version=&#8220;4.27.5&#8243; _module_preset=&#8220;default&#8220; height=&#8220;450px&#8220; height_tablet=&#8220;350px&#8220; height_phone=&#8220;320px&#8220; height_last_edited=&#8220;on|phone&#8220; custom_margin=&#8220;||||false|false&#8220; link_option_url=&#8220;https:\/\/www.ubb-online.com\/&#8220; link_option_url_new_window=&#8220;on&#8220; hover_enabled=&#8220;0&#8243; global_colors_info=&#8220;{}&#8220; sticky_enabled=&#8220;0&#8243;][et_pb_slide button_text=&#8220;Hier klicken&#8220; button_link=&#8220;https:\/\/www.ubb-online.com\/&#8220; url_new_window=&#8220;on&#8220; image=&#8220;https:\/\/mv-rad.de\/wp-content\/uploads\/2026\/02\/UBB-Flagge.png&#8220; image_tablet=&#8220;&#8220; image_phone=&#8220;https:\/\/mv-rad.de\/wp-content\/uploads\/2023\/02\/Log_VR_rechts_RGB.jpg&#8220; image_last_edited=&#8220;on|tablet&#8220; _builder_version=&#8220;4.27.5&#8243; _module_preset=&#8220;default&#8220; header_level=&#8220;h2&#8243; background_color=&#8220;#009fe3&#8243; background_enable_color=&#8220;on&#8220; custom_button=&#8220;on&#8220; button_text_color=&#8220;#4f4f4f&#8220; button_border_width=&#8220;2px&#8220; button_border_color=&#8220;#4f4f4f&#8220; background_layout=&#8220;light&#8220; width=&#8220;100%&#8220; max_width=&#8220;85%&#8220; custom_padding_tablet=&#8220;15px||||false|false&#8220; custom_padding_phone=&#8220;15px||||false|false&#8220; custom_padding_last_edited=&#8220;on|tablet&#8220; link_option_url_new_window=&#8220;on&#8220; hover_enabled=&#8220;0&#8243; header_font_size_tablet=&#8220;21px&#8220; header_font_size_phone=&#8220;21px&#8220; header_font_size_last_edited=&#8220;on|phone&#8220; global_colors_info=&#8220;{}&#8220; sticky_transition=&#8220;on&#8220; sticky_enabled=&#8220;0&#8243;]<\/p>\n<p>Die Usedomer B\u00e4derbahn, Betreiber der Eisenbahninfrastruktur, ist Mobilt\u00e4tspartner in der Region.<\/p>\n<p>[\/et_pb_slide][\/et_pb_slider][\/et_pb_column][\/et_pb_row][et_pb_row _builder_version=&#8220;4.27.5&#8243; _module_preset=&#8220;default&#8220; custom_margin=&#8220;0px||10px||false|false&#8220; custom_margin_tablet=&#8220;||||false|false&#8220; custom_margin_phone=&#8220;-10px||-10px||false|false&#8220; custom_margin_last_edited=&#8220;on|phone&#8220; global_colors_info=&#8220;{}&#8220;][et_pb_column type=&#8220;4_4&#8243; _builder_version=&#8220;4.22.1&#8243; _module_preset=&#8220;default&#8220; global_colors_info=&#8220;{}&#8220;][et_pb_slider _builder_version=&#8220;4.22.1&#8243; _module_preset=&#8220;default&#8220; height=&#8220;450px&#8220; height_tablet=&#8220;&#8220; height_phone=&#8220;340px&#8220; height_last_edited=&#8220;on|phone&#8220; global_colors_info=&#8220;{}&#8220;][et_pb_slide heading=&#8220;Weitere Partner&#8220; button_text=&#8220;Hier klicken&#8220; button_link=&#8220;@ET-DC@eyJkeW5hbWljIjp0cnVlLCJjb250ZW50IjoicG9zdF9saW5rX3VybF9wYWdlIiwic2V0dGluZ3MiOnsicG9zdF9pZCI6IjEzNSJ9fQ==@&#8220; _builder_version=&#8220;4.22.1&#8243; _dynamic_attributes=&#8220;button_link&#8220; _module_preset=&#8220;default&#8220; background_color=&#8220;#009fe3&#8243; background_enable_color=&#8220;on&#8220; custom_button=&#8220;on&#8220; button_text_color=&#8220;#4f4f4f&#8220; button_border_width=&#8220;2px&#8220; button_border_color=&#8220;#4f4f4f&#8220; background_layout=&#8220;light&#8220; custom_padding=&#8220;||||false|false&#8220; global_colors_info=&#8220;{}&#8220; sticky_transition=&#8220;on&#8220;]<\/p>\n<p>MV-Rad kooperiert mit vielen Partnern aus kommunalem und wirtschaftlichem Umfeld.<\/p>\n<p>Haben Sie auch Interesse an einer Partnerschaft, dann nehmen Sie einfach Kontakt mit uns auf.<\/p>\n<p>[\/et_pb_slide][\/et_pb_slider][\/et_pb_column][\/et_pb_row][\/et_pb_section][et_pb_section fb_built=&#8220;1&#8243; custom_padding_last_edited=&#8220;on|phone&#8220; _builder_version=&#8220;4.22.1&#8243; _module_preset=&#8220;default&#8220; custom_margin=&#8220;0px||||false|false&#8220; custom_margin_tablet=&#8220;0px||||false|false&#8220; custom_margin_phone=&#8220;0px||0px||false|false&#8220; custom_margin_last_edited=&#8220;on|phone&#8220; custom_padding=&#8220;0px||||false|false&#8220; custom_padding_tablet=&#8220;0px||||false|false&#8220; custom_padding_phone=&#8220;0px||0px||false|false&#8220; global_colors_info=&#8220;{}&#8220;][et_pb_row _builder_version=&#8220;4.21.0&#8243; _module_preset=&#8220;default&#8220; custom_margin_tablet=&#8220;&#8220; custom_margin_phone=&#8220;10px||||false|false&#8220; custom_margin_last_edited=&#8220;on|phone&#8220; global_colors_info=&#8220;{}&#8220;][et_pb_column type=&#8220;4_4&#8243; _builder_version=&#8220;4.16&#8243; _module_preset=&#8220;default&#8220; global_colors_info=&#8220;{}&#8220;][et_pb_text _builder_version=&#8220;4.22.1&#8243; text_font=&#8220;||||||||&#8220; text_line_height=&#8220;2em&#8220; header_font=&#8220;||||||||&#8220; header_2_font=&#8220;Oswald|300|||||||&#8220; header_2_font_size=&#8220;60px&#8220; header_2_letter_spacing=&#8220;7px&#8220; header_2_line_height=&#8220;1.4em&#8220; text_orientation=&#8220;center&#8220; max_width=&#8220;800px&#8220; module_alignment=&#8220;center&#8220; custom_margin=&#8220;15px||-30px||false|false&#8220; custom_margin_tablet=&#8220;&#8220; custom_margin_phone=&#8220;&#8220; custom_margin_last_edited=&#8220;on|phone&#8220; header_2_font_size_tablet=&#8220;40px&#8220; header_2_font_size_phone=&#8220;30px&#8220; header_2_font_size_last_edited=&#8220;on|phone&#8220; header_2_letter_spacing_tablet=&#8220;10px&#8220; header_2_letter_spacing_phone=&#8220;5px&#8220; header_2_letter_spacing_last_edited=&#8220;on|tablet&#8220; locked=&#8220;off&#8220; global_colors_info=&#8220;{}&#8220; text_font_size__hover=&#8220;14px&#8220; text_font_size__hover_enabled=&#8220;14px&#8220; text_letter_spacing__hover=&#8220;0px&#8220; text_letter_spacing__hover_enabled=&#8220;0px&#8220; text_line_height__hover=&#8220;1.7em&#8220; text_line_height__hover_enabled=&#8220;1.7em&#8220; text_text_shadow_style__hover=&#8220;none&#8220; text_text_shadow_style__hover_enabled=&#8220;none&#8220; text_text_shadow_color__hover=&#8220;rgba(0,0,0,0.4)&#8220; text_text_shadow_color__hover_enabled=&#8220;rgba(0,0,0,0.4)&#8220; link_font_size__hover=&#8220;14px&#8220; link_font_size__hover_enabled=&#8220;14px&#8220; link_letter_spacing__hover=&#8220;0px&#8220; link_letter_spacing__hover_enabled=&#8220;0px&#8220; link_line_height__hover=&#8220;1em&#8220; link_line_height__hover_enabled=&#8220;1em&#8220; link_text_shadow_style__hover=&#8220;none&#8220; link_text_shadow_style__hover_enabled=&#8220;none&#8220; link_text_shadow_color__hover=&#8220;rgba(0,0,0,0.4)&#8220; link_text_shadow_color__hover_enabled=&#8220;rgba(0,0,0,0.4)&#8220; ul_font_size__hover=&#8220;14px&#8220; ul_font_size__hover_enabled=&#8220;14px&#8220; ul_letter_spacing__hover=&#8220;0px&#8220; ul_letter_spacing__hover_enabled=&#8220;0px&#8220; ul_line_height__hover=&#8220;1em&#8220; ul_line_height__hover_enabled=&#8220;1em&#8220; ul_text_shadow_style__hover=&#8220;none&#8220; ul_text_shadow_style__hover_enabled=&#8220;none&#8220; ul_text_shadow_color__hover=&#8220;rgba(0,0,0,0.4)&#8220; ul_text_shadow_color__hover_enabled=&#8220;rgba(0,0,0,0.4)&#8220; ol_font_size__hover=&#8220;14px&#8220; ol_font_size__hover_enabled=&#8220;14px&#8220; ol_letter_spacing__hover=&#8220;0px&#8220; ol_letter_spacing__hover_enabled=&#8220;0px&#8220; ol_line_height__hover=&#8220;1em&#8220; ol_line_height__hover_enabled=&#8220;1em&#8220; ol_text_shadow_style__hover=&#8220;none&#8220; ol_text_shadow_style__hover_enabled=&#8220;none&#8220; ol_text_shadow_color__hover=&#8220;rgba(0,0,0,0.4)&#8220; ol_text_shadow_color__hover_enabled=&#8220;rgba(0,0,0,0.4)&#8220; quote_font_size__hover=&#8220;14px&#8220; quote_font_size__hover_enabled=&#8220;14px&#8220; quote_letter_spacing__hover=&#8220;0px&#8220; quote_letter_spacing__hover_enabled=&#8220;0px&#8220; quote_line_height__hover=&#8220;1em&#8220; quote_line_height__hover_enabled=&#8220;1em&#8220; quote_text_shadow_style__hover=&#8220;none&#8220; quote_text_shadow_style__hover_enabled=&#8220;none&#8220; quote_text_shadow_color__hover=&#8220;rgba(0,0,0,0.4)&#8220; quote_text_shadow_color__hover_enabled=&#8220;rgba(0,0,0,0.4)&#8220; text_orientation__hover=&#8220;left&#8220; text_orientation__hover_enabled=&#8220;left&#8220; background_layout__hover=&#8220;light&#8220; background_layout__hover_enabled=&#8220;light&#8220;]<\/p>\n<h2>MV erfahren<\/h2>\n<p>&nbsp;<\/p>\n<p>[\/et_pb_text][\/et_pb_column][\/et_pb_row][et_pb_row column_structure=&#8220;3_4,1_4&#8243; _builder_version=&#8220;4.22.1&#8243; _module_preset=&#8220;default&#8220; background_color=&#8220;#009de0&#8243; custom_margin=&#8220;||35px||false|false&#8220; global_colors_info=&#8220;{}&#8220;][et_pb_column type=&#8220;3_4&#8243; _builder_version=&#8220;4.22.1&#8243; _module_preset=&#8220;default&#8220; global_colors_info=&#8220;{}&#8220;][et_pb_text _builder_version=&#8220;4.22.1&#8243; _module_preset=&#8220;default&#8220; header_text_color=&#8220;#4f4f4f&#8220; header_font_size=&#8220;33px&#8220; background_layout=&#8220;dark&#8220; custom_margin=&#8220;|||60px|false|false&#8220; custom_margin_tablet=&#8220;|||60px|false|false&#8220; custom_margin_phone=&#8220;|||40px|false|false&#8220; custom_margin_last_edited=&#8220;on|phone&#8220; header_font_size_tablet=&#8220;35px&#8220; header_font_size_phone=&#8220;28px&#8220; header_font_size_last_edited=&#8220;on|phone&#8220; global_colors_info=&#8220;{}&#8220;]<\/p>\n<h1>Tourenvorschlag<\/h1>\n<p>[\/et_pb_text][et_pb_text _builder_version=&#8220;4.22.1&#8243; _module_preset=&#8220;default&#8220; text_text_color=&#8220;#4f4f4f&#8220; header_text_color=&#8220;#FFFFFF&#8220; header_font_size=&#8220;35px&#8220; header_4_text_color=&#8220;#4f4f4f&#8220; custom_margin=&#8220;|60px|0px|60px|false|false&#8220; custom_margin_tablet=&#8220;|60px|0px|60px|false|false&#8220; custom_margin_phone=&#8220;|60px|0px|40px|false|false&#8220; custom_margin_last_edited=&#8220;on|phone&#8220; custom_padding=&#8220;|0px|||false|false&#8220; header_font_size_tablet=&#8220;35px&#8220; header_font_size_phone=&#8220;35px&#8220; header_font_size_last_edited=&#8220;on|phone&#8220; header_4_font_size_tablet=&#8220;&#8220; header_4_font_size_phone=&#8220;16px&#8220; header_4_font_size_last_edited=&#8220;on|phone&#8220; global_colors_info=&#8220;{}&#8220;]<\/p>\n<h4>Tour M\u00fcritz-Nationalpark<\/h4>\n<p>Von der Schlossinsel Mirow geht es in den M\u00fcritz-Nationalpark, viel Natur und beeindruckende Historie erwarten Sie. Sie fahren entlang von Seen, durch pr\u00e4chtige W\u00e4lder und vorbei an beruhigenden Wiesen. Die Nordtour f\u00fchrt zun\u00e4chst entlang von Seen, dann teilweise durch den M\u00fcritz-Nationalpark mit seiner traumhaften Naturlandschaft und dann am S\u00fcdostufer der M\u00fcritz wieder zur\u00fcck in die Geburtsstadt der englischen K\u00f6nigin Sophie Charlotte.<\/p>\n<p>[\/et_pb_text][et_pb_button button_url=&#8220;@ET-DC@eyJkeW5hbWljIjp0cnVlLCJjb250ZW50IjoicG9zdF9saW5rX3VybF9wYWdlIiwic2V0dGluZ3MiOnsicG9zdF9pZCI6IjczNTgifX0=@&#8220; button_text=&#8220;Hier klicken&#8220; button_alignment=&#8220;left&#8220; _builder_version=&#8220;4.22.1&#8243; _dynamic_attributes=&#8220;button_url&#8220; _module_preset=&#8220;default&#8220; custom_button=&#8220;on&#8220; button_text_color=&#8220;#4f4f4f&#8220; button_bg_color=&#8220;RGBA(255,255,255,0)&#8220; button_border_width=&#8220;2px&#8220; button_border_color=&#8220;#4f4f4f&#8220; button_use_icon=&#8220;off&#8220; background_layout=&#8220;dark&#8220; custom_margin=&#8220;20px|||60px|false|false&#8220; custom_margin_tablet=&#8220;20px|||60px|false|false&#8220; custom_margin_phone=&#8220;20px|||40px|false|false&#8220; custom_margin_last_edited=&#8220;on|phone&#8220; global_colors_info=&#8220;{}&#8220;][\/et_pb_button][\/et_pb_column][et_pb_column type=&#8220;1_4&#8243; _builder_version=&#8220;4.22.1&#8243; _module_preset=&#8220;default&#8220; global_colors_info=&#8220;{}&#8220;][et_pb_text content_tablet=&#8220;<\/p>\n<p><img class=%22wp-image-509 alignnone size-medium%22 src=%22https:\/\/mv-rad.de\/wp-content\/uploads\/2023\/04\/EO-Schloss_Mirow-DSC_0259.jpg%22 alt=%22Bodden-Tour%22 width=%22288%22 height=%22192%22 \/><\/p>\n<p>&#8220; content_phone=&#8220;<\/p>\n<p style=%22text-align: center;%22><img class=%22wp-image-509 alignnone size-medium%22 src=%22https:\/\/mv-rad.de\/wp-content\/uploads\/2023\/04\/EO-Schloss_Mirow-DSC_0259.jpg%22 alt=%22Bodden-Tour%22 width=%22288%22 height=%22192%22 \/><\/p>\n<p>&#8220; content_last_edited=&#8220;on|phone&#8220; _builder_version=&#8220;4.22.1&#8243; _module_preset=&#8220;default&#8220; custom_margin=&#8220;75px|40px||-70px|false|false&#8220; custom_margin_tablet=&#8220;75px|40px||-70px|false|false&#8220; custom_margin_phone=&#8220;10px|40px||40px|false|false&#8220; custom_margin_last_edited=&#8220;on|phone&#8220; custom_padding=&#8220;|0px|||false|false&#8220; global_colors_info=&#8220;{}&#8220;]<\/p>\n<p><img loading=\"lazy\" decoding=\"async\" class=\"wp-image-509 alignnone size-medium\" src=\"https:\/\/mv-rad.de\/wp-content\/uploads\/2023\/04\/EO-Schloss_Mirow-DSC_0259.jpg\" alt=\"Bodden-Tour\" width=\"288\" height=\"192\" title=\"\"><\/p>\n<p>[\/et_pb_text][\/et_pb_column][\/et_pb_row][et_pb_row column_structure=&#8220;2_5,3_5&#8243; _builder_version=&#8220;4.22.1&#8243; _module_preset=&#8220;default&#8220; background_color=&#8220;#94c120&#8243; custom_margin=&#8220;||15px||false|false&#8220; custom_margin_tablet=&#8220;||15px||false|false&#8220; custom_margin_phone=&#8220;||50px||false|false&#8220; custom_margin_last_edited=&#8220;on|phone&#8220; global_colors_info=&#8220;{}&#8220;][et_pb_column type=&#8220;2_5&#8243; _builder_version=&#8220;4.22.1&#8243; _module_preset=&#8220;default&#8220; global_colors_info=&#8220;{}&#8220;][et_pb_image src=&#8220;https:\/\/mv-rad.de\/wp-content\/uploads\/2023\/04\/Logo_Radfahrland-MV_rgb_weiss-scaled.jpg&#8220; title_text=&#8220;Logo_Radfahrland-MV_rgb_weiss&#8220; align=&#8220;center&#8220; _builder_version=&#8220;4.22.1&#8243; _module_preset=&#8220;default&#8220; width=&#8220;85%&#8220; width_tablet=&#8220;85%&#8220; width_phone=&#8220;80%&#8220; width_last_edited=&#8220;on|phone&#8220; module_alignment=&#8220;center&#8220; custom_margin=&#8220;|||0px|false|false&#8220; custom_margin_tablet=&#8220;|||0px|false|false&#8220; custom_margin_phone=&#8220;-85px||||false|false&#8220; custom_margin_last_edited=&#8220;on|phone&#8220; custom_padding=&#8220;95px|||20px|false|false&#8220; global_colors_info=&#8220;{}&#8220;][\/et_pb_image][\/et_pb_column][et_pb_column type=&#8220;3_5&#8243; _builder_version=&#8220;4.22.1&#8243; _module_preset=&#8220;default&#8220; global_colors_info=&#8220;{}&#8220;][et_pb_text _builder_version=&#8220;4.22.1&#8243; _module_preset=&#8220;default&#8220; text_text_color=&#8220;#4f4f4f&#8220; header_text_color=&#8220;#4f4f4f&#8220; header_font_size=&#8220;33px&#8220; custom_margin=&#8220;|40px|0px|0px|false|false&#8220; custom_margin_tablet=&#8220;|40px|0px|0px|false|false&#8220; custom_margin_phone=&#8220;|40px|0px|30px|false|false&#8220; custom_margin_last_edited=&#8220;on|phone&#8220; custom_padding=&#8220;|0px|||false|false&#8220; header_font_size_tablet=&#8220;35px&#8220; header_font_size_phone=&#8220;30px&#8220; header_font_size_last_edited=&#8220;on|phone&#8220; global_colors_info=&#8220;{}&#8220;]<\/p>\n<h1>Radfahrland-MV<\/h1>\n<p>Das Portal &#8222;Radfahrland-MV.de&#8220; unseres Partners MARIS MEDIA bietet insbesondere umfassende Informationen \u00fcber Radwege, Touren, Events, lohnenswerte Einkehrtipps und Ausflugsziele sowie freundliche Gastgeber im ganzen Land Mecklenburg-Vorpommern. Mit einem MV-Rad k\u00f6nnen Sie ganz bequem und sicher die zahlreichen Angebote nutzen. Gehen Sie auf Entdeckertour, gro\u00dfartige Erlebnisse bleiben Ihnen garantiert in Erinnerung. Wir w\u00fcnschen gute Fahrt!<\/p>\n<p>[\/et_pb_text][et_pb_button button_url=&#8220;https:\/\/radfahrland-mv.de\/&#8220; url_new_window=&#8220;on&#8220; button_text=&#8220;Hier klicken&#8220; button_alignment=&#8220;left&#8220; _builder_version=&#8220;4.22.1&#8243; _module_preset=&#8220;default&#8220; custom_button=&#8220;on&#8220; button_text_color=&#8220;#4f4f4f&#8220; button_bg_color=&#8220;RGBA(255,255,255,0)&#8220; button_border_width=&#8220;2px&#8220; button_border_color=&#8220;#4f4f4f&#8220; button_use_icon=&#8220;off&#8220; background_layout=&#8220;dark&#8220; custom_margin=&#8220;20px|||0px|false|false&#8220; custom_margin_tablet=&#8220;20px|||0px|false|false&#8220; custom_margin_phone=&#8220;20px|||30px|false|false&#8220; custom_margin_last_edited=&#8220;on|phone&#8220; global_colors_info=&#8220;{}&#8220;][\/et_pb_button][\/et_pb_column][\/et_pb_row][\/et_pb_section][et_pb_section fb_built=&#8220;1&#8243; admin_label=&#8220;Footer&#8220; _builder_version=&#8220;4.22.1&#8243; _module_preset=&#8220;default&#8220; use_background_color_gradient=&#8220;on&#8220; background_color_gradient_stops=&#8220;rgba(255,255,255,0) 0%|#009fe3 100%&#8220; background_color_gradient_overlays_image=&#8220;on&#8220; background_image=&#8220;https:\/\/mv-rad.de\/wp-content\/uploads\/2021\/09\/DSC01491_EO_bearb_web.gif&#8220; height=&#8220;450px&#8220; global_colors_info=&#8220;{}&#8220;][et_pb_row custom_padding_last_edited=&#8220;on|desktop&#8220; _builder_version=&#8220;4.22.1&#8243; _module_preset=&#8220;default&#8220; background_color=&#8220;#1c4982&#8243; width=&#8220;53%&#8220; module_alignment=&#8220;center&#8220; height_tablet=&#8220;300px&#8220; height_phone=&#8220;&#8220; height_last_edited=&#8220;on|tablet&#8220; custom_margin=&#8220;-15px||||false|false&#8220; custom_margin_tablet=&#8220;-15px||||false|false&#8220; custom_margin_phone=&#8220;-15px||||false|false&#8220; custom_margin_last_edited=&#8220;on|desktop&#8220; custom_padding=&#8220;||||false|true&#8220; custom_padding_tablet=&#8220;||||false|true&#8220; custom_padding_phone=&#8220;|20px|30px|20px|false|true&#8220; global_colors_info=&#8220;{}&#8220;][et_pb_column type=&#8220;4_4&#8243; _builder_version=&#8220;4.22.1&#8243; _module_preset=&#8220;default&#8220; custom_padding=&#8220;||||false|false&#8220; global_colors_info=&#8220;{}&#8220;][et_pb_text module_id=&#8220;kontaktformular&#8220; _builder_version=&#8220;4.24.0&#8243; _module_preset=&#8220;32021f09-dd67-47fb-8f9a-832b72a38baf&#8220; header_2_font=&#8220;Playfair Display|700|||||||&#8220; header_2_text_color=&#8220;#FFFFFF&#8220; header_2_font_size=&#8220;57px&#8220; header_2_line_height=&#8220;1.1em&#8220; custom_margin=&#8220;-5px||10px||false|false&#8220; animation_direction=&#8220;left&#8220; header_2_font_size_tablet=&#8220;35px&#8220; header_2_font_size_phone=&#8220;22px&#8220; header_2_font_size_last_edited=&#8220;on|phone&#8220; locked=&#8220;off&#8220; global_colors_info=&#8220;{}&#8220;]<\/p>\n<h2 style=\"text-align: center;\">MV-Rad<\/h2>\n<p>[\/et_pb_text][et_pb_text _builder_version=&#8220;4.22.1&#8243; _module_preset=&#8220;4deaa1a6-d0cd-49d0-ada3-8dc22addd086&#8243; header_2_text_color=&#8220;#FFFFFF&#8220; header_4_font=&#8220;|700||on|||||&#8220; header_4_text_color=&#8220;rgba(255,255,255,0.4)&#8220; header_4_font_size=&#8220;14px&#8220; header_4_letter_spacing=&#8220;2px&#8220; header_4_line_height=&#8220;2em&#8220; background_layout=&#8220;dark&#8220; custom_margin=&#8220;||0px||false|false&#8220; locked=&#8220;off&#8220; global_colors_info=&#8220;{}&#8220;]<\/p>\n<h4 style=\"text-align: center;\">Kontakt<\/h4>\n<p>[\/et_pb_text][et_pb_text _builder_version=&#8220;4.22.1&#8243; _module_preset=&#8220;aec0be99-8a53-4f75-abf2-64f29a8b4cc2&#8243; text_font=&#8220;Merriweather||||||||&#8220; text_text_color=&#8220;#FFFFFF&#8220; text_font_size=&#8220;18px&#8220; text_line_height=&#8220;2em&#8220; custom_margin=&#8220;||5px||false|false&#8220; text_font_size_tablet=&#8220;16px&#8220; text_font_size_phone=&#8220;12px&#8220; text_font_size_last_edited=&#8220;on|phone&#8220; locked=&#8220;off&#8220; global_colors_info=&#8220;{}&#8220;]<\/p>\n<p style=\"text-align: center;\">(+49) 0171 9401122 <span><span class=\"LrzXr zdqRlf kno-fv\"><\/span><\/span><\/p>\n<p>[\/et_pb_text][et_pb_text _builder_version=&#8220;4.22.1&#8243; _module_preset=&#8220;aec0be99-8a53-4f75-abf2-64f29a8b4cc2&#8243; text_font=&#8220;Merriweather||||||||&#8220; text_text_color=&#8220;#FFFFFF&#8220; text_font_size=&#8220;18px&#8220; text_line_height=&#8220;2em&#8220; custom_margin=&#8220;||20px||false|false&#8220; link_option_url=&#8220;mailto:info@mv-rad.de&#8220; text_font_size_tablet=&#8220;16px&#8220; text_font_size_phone=&#8220;12px&#8220; text_font_size_last_edited=&#8220;on|phone&#8220; locked=&#8220;off&#8220; global_colors_info=&#8220;{}&#8220;]<\/p>\n<p style=\"text-align: center;\"><a href=\"mailto:info@mv-rad.de\">info@mv-rad.de<\/a> oder <a href=\"https:\/\/mv-rad.de\/kontakt\/\">Kontaktformular<\/a><\/p>\n<p>[\/et_pb_text][et_pb_text _builder_version=&#8220;4.22.1&#8243; _module_preset=&#8220;4deaa1a6-d0cd-49d0-ada3-8dc22addd086&#8243; header_2_text_color=&#8220;#FFFFFF&#8220; header_4_font=&#8220;|700||on|||||&#8220; header_4_text_color=&#8220;rgba(255,255,255,0.4)&#8220; header_4_font_size=&#8220;14px&#8220; header_4_letter_spacing=&#8220;2px&#8220; header_4_line_height=&#8220;2em&#8220; background_layout=&#8220;dark&#8220; custom_margin=&#8220;||0px||false|false&#8220; locked=&#8220;off&#8220; global_colors_info=&#8220;{}&#8220;]<\/p>\n<h4 style=\"text-align: center;\">Adresse<\/h4>\n<p>[\/et_pb_text][et_pb_text _builder_version=&#8220;4.22.1&#8243; _module_preset=&#8220;aec0be99-8a53-4f75-abf2-64f29a8b4cc2&#8243; text_font=&#8220;Merriweather||||||||&#8220; text_text_color=&#8220;#FFFFFF&#8220; text_font_size=&#8220;18px&#8220; text_line_height=&#8220;2em&#8220; text_font_size_tablet=&#8220;16px&#8220; text_font_size_phone=&#8220;12px&#8220; text_font_size_last_edited=&#8220;on|phone&#8220; locked=&#8220;off&#8220; global_colors_info=&#8220;{}&#8220;]<\/p>\n<p style=\"text-align: center;\">MV-Rad GmbH, Strandstra\u00dfe 4, 17459 Seebad \u00dcckeritz<\/p>\n<p>[\/et_pb_text][\/et_pb_column][\/et_pb_row][\/et_pb_section]<\/p>\n","protected":false},"excerpt":{"rendered":"<p>UsedomCard \u00dcckeritz (mehr Infos)B\u00fcrgerRad MV (mehr Infos)DienstRad MV (mehr Infos)MV-Rad App (mehr Infos)Die Dachmarke MV-Rad in ganz Mecklenburg-Vorpommernmit Stationen an allen Jugendherbergen des LandesStadtRad Wolgast (mehr Infos)StadtRad Anklam (mehr Infos)StadtRad Ueckerm\u00fcnde (mehr Infos)StadtRad Torgelow (mehr Infos)StadtRad Pasewalk (mehr Infos)StadtRad Eggesin (mehr Infos)Zur Stationskarte und zur Stationsliste(Gesamt)MV-Rad &#8211; vielbesuchter Austeller auf der gr\u00fcnen Woche 2026Die Ministerpr\u00e4sidentin [&hellip;]<\/p>\n","protected":false},"author":3,"featured_media":0,"parent":0,"menu_order":0,"comment_status":"closed","ping_status":"closed","template":"","meta":{"_et_pb_use_builder":"on","_et_pb_old_content":"","_et_gb_content_width":"","footnotes":""},"class_list":["post-5851","page","type-page","status-publish","hentry"],"_links":{"self":[{"href":"https:\/\/mv-rad.de\/en_gb\/wp-json\/wp\/v2\/pages\/5851","targetHints":{"allow":["GET"]}}],"collection":[{"href":"https:\/\/mv-rad.de\/en_gb\/wp-json\/wp\/v2\/pages"}],"about":[{"href":"https:\/\/mv-rad.de\/en_gb\/wp-json\/wp\/v2\/types\/page"}],"author":[{"embeddable":true,"href":"https:\/\/mv-rad.de\/en_gb\/wp-json\/wp\/v2\/users\/3"}],"replies":[{"embeddable":true,"href":"https:\/\/mv-rad.de\/en_gb\/wp-json\/wp\/v2\/comments?post=5851"}],"version-history":[{"count":742,"href":"https:\/\/mv-rad.de\/en_gb\/wp-json\/wp\/v2\/pages\/5851\/revisions"}],"predecessor-version":[{"id":9731,"href":"https:\/\/mv-rad.de\/en_gb\/wp-json\/wp\/v2\/pages\/5851\/revisions\/9731"}],"wp:attachment":[{"href":"https:\/\/mv-rad.de\/en_gb\/wp-json\/wp\/v2\/media?parent=5851"}],"curies":[{"name":"wp","href":"https:\/\/api.w.org\/{rel}","templated":true}]}}